{"id":50790,"date":"2024-12-19T09:46:33","date_gmt":"2024-12-19T08:46:33","guid":{"rendered":"https:\/\/www.marielngeffray.com\/?page_id=50790"},"modified":"2024-12-19T10:17:10","modified_gmt":"2024-12-19T09:17:10","slug":"dans-ma-bulle","status":"publish","type":"page","link":"https:\/\/www.marielngeffray.com\/index.php\/dans-ma-bulle\/","title":{"rendered":"Dans ma bulle"},"content":{"rendered":"\t\t<div data-elementor-type=\"wp-page\" data-elementor-id=\"50790\" class=\"elementor elementor-50790\">\n\t\t\t\t\t\t<section class=\"elementor-section elementor-top-section elementor-element elementor-element-679128d elementor-section-boxed elementor-section-height-default elementor-section-height-default\" data-id=\"679128d\" data-element_type=\"section\" data-e-type=\"section\">\n\t\t\t\t\t\t<div class=\"elementor-container elementor-column-gap-default\">\n\t\t\t\t\t<div class=\"elementor-column elementor-col-100 elementor-top-column elementor-element elementor-element-c56903e\" data-id=\"c56903e\" data-element_type=\"column\" data-e-type=\"column\">\n\t\t\t<div class=\"elementor-widget-wrap elementor-element-populated\">\n\t\t\t\t\t\t\t<\/div>\n\t\t<\/div>\n\t\t\t\t\t<\/div>\n\t\t<\/section>\n\t\t\t\t<section class=\"elementor-section elementor-top-section elementor-element elementor-element-d582297 elementor-section-boxed elementor-section-height-default elementor-section-height-default\" data-id=\"d582297\" data-element_type=\"section\" data-e-type=\"section\">\n\t\t\t\t\t\t<div class=\"elementor-container elementor-column-gap-default\">\n\t\t\t\t\t<div class=\"elementor-column elementor-col-100 elementor-top-column elementor-element elementor-element-2862fd7\" data-id=\"2862fd7\" data-element_type=\"column\" data-e-type=\"column\">\n\t\t\t<div class=\"elementor-widget-wrap elementor-element-populated\">\n\t\t\t\t\t\t<div class=\"elementor-element elementor-element-a7ab0b7 elementor-widget elementor-widget-heading\" data-id=\"a7ab0b7\" data-element_type=\"widget\" data-e-type=\"widget\" data-widget_type=\"heading.default\">\n\t\t\t\t<div class=\"elementor-widget-container\">\n\t\t\t\t\t<h2 class=\"elementor-heading-title elementor-size-default\">Collection \"Dans ma bulle\"<\/h2>\t\t\t\t<\/div>\n\t\t\t\t<\/div>\n\t\t\t\t\t<\/div>\n\t\t<\/div>\n\t\t\t\t\t<\/div>\n\t\t<\/section>\n\t\t\t\t<section class=\"elementor-section elementor-top-section elementor-element elementor-element-bcd517c elementor-section-boxed elementor-section-height-default elementor-section-height-default\" data-id=\"bcd517c\" data-element_type=\"section\" data-e-type=\"section\">\n\t\t\t\t\t\t<div class=\"elementor-container elementor-column-gap-default\">\n\t\t\t\t\t<div class=\"elementor-column elementor-col-100 elementor-top-column elementor-element elementor-element-4ae516c\" data-id=\"4ae516c\" data-element_type=\"column\" data-e-type=\"column\">\n\t\t\t<div class=\"elementor-widget-wrap elementor-element-populated\">\n\t\t\t\t\t\t<div class=\"elementor-element elementor-element-0c4f921 elementor-widget elementor-widget-text-editor\" data-id=\"0c4f921\" data-element_type=\"widget\" data-e-type=\"widget\" data-widget_type=\"text-editor.default\">\n\t\t\t\t<div class=\"elementor-widget-container\">\n\t\t\t\t\t\t\t\t\t<div dir=\"auto\">Dans ma bulle, il y a de belles choses, de d\u00e9licieux moments, de pr\u00e9cieux instants d\u2019Amiti\u00e9 partag\u00e9s, des fous rires, des souvenirs color\u00e9s, de la douceur, de la tendresse, des rires et des larmes, des confidences, des moments suspendus, des grimaces et des photos rat\u00e9es, du scrap \u00e9videmment, de la cr\u00e9ation et beaucoup, beaucoup d\u2019amour\u2026<\/div><div dir=\"auto\">\u00ab\u00a0Dans ma bulle\u00a0\u00bb, est une collection aux couleurs chaudes pour secouer un peu l&rsquo;hiver et se replonger avec d\u00e9lectation dans nos doux moments de folie entre copines.<\/div><div dir=\"auto\">Une collection pour c\u00e9l\u00e9brer \u00ab\u00a0mes chouchous\u00a0\u00bb, les filles \/ folles de la DT qui me portent un peu plus loin, un peu plus haut chaque jour.<\/div><div dir=\"auto\">Une collection aussi pour toutes vous remercier des liens si doux que vous tisser au quotidien autour de moi, avec tendresse, bienveillance et fid\u00e9lit\u00e9.<\/div><div dir=\"auto\">Place \u00e0 ce petit grain de folie que j&rsquo;aime tant.<\/div>\t\t\t\t\t\t\t\t<\/div>\n\t\t\t\t<\/div>\n\t\t\t\t\t<\/div>\n\t\t<\/div>\n\t\t\t\t\t<\/div>\n\t\t<\/section>\n\t\t\t\t<section class=\"elementor-section elementor-top-section elementor-element elementor-element-f6cdf8c elementor-section-boxed elementor-section-height-default elementor-section-height-default\" data-id=\"f6cdf8c\" data-element_type=\"section\" data-e-type=\"section\">\n\t\t\t\t\t\t<div class=\"elementor-container elementor-column-gap-default\">\n\t\t\t\t\t<div class=\"elementor-column elementor-col-100 elementor-top-column elementor-element elementor-element-99af58e\" data-id=\"99af58e\" data-element_type=\"column\" data-e-type=\"column\">\n\t\t\t<div class=\"elementor-widget-wrap elementor-element-populated\">\n\t\t\t\t\t\t<div class=\"elementor-element elementor-element-06a21c4 elementor-widget elementor-widget-shortcode\" data-id=\"06a21c4\" data-element_type=\"widget\" data-e-type=\"widget\" data-widget_type=\"shortcode.default\">\n\t\t\t\t<div class=\"elementor-widget-container\">\n\t\t\t\t\t\t\t<div class=\"elementor-shortcode\"><div class=\"woocommerce columns-4 \"><ul class=\"products columns-4\">\n<li class=\"product type-product post-50716 status-publish first outofstock product_cat-collection-dans-ma-bulle product_cat-papiers has-post-thumbnail taxable shipping-taxable purchasable product-type-simple\">\n\t<a href=\"https:\/\/www.marielngeffray.com\/index.php\/produit\/collection-de-papiers-dans-ma-bulle-ps23\/\" class=\"woocommerce-LoopProduct-link woocommerce-loop-product__link\"><img fetchpriority=\"high\" decoding=\"async\" width=\"300\" height=\"300\" src=\"https:\/\/www.marielngeffray.com\/wp-content\/uploads\/2024\/12\/Collection-dans-ma-bulle-set-de-papiers-nouv-300x300.jpg\" class=\"attachment-woocommerce_thumbnail size-woocommerce_thumbnail\" alt=\"Collection de papiers &quot;Dans ma bulle&quot; - PS23\" srcset=\"https:\/\/www.marielngeffray.com\/wp-content\/uploads\/2024\/12\/Collection-dans-ma-bulle-set-de-papiers-nouv-300x300.jpg 300w, https:\/\/www.marielngeffray.com\/wp-content\/uploads\/2024\/12\/Collection-dans-ma-bulle-set-de-papiers-nouv-150x150.jpg 150w, https:\/\/www.marielngeffray.com\/wp-content\/uploads\/2024\/12\/Collection-dans-ma-bulle-set-de-papiers-nouv-768x768.jpg 768w, https:\/\/www.marielngeffray.com\/wp-content\/uploads\/2024\/12\/Collection-dans-ma-bulle-set-de-papiers-nouv-600x600.jpg 600w, https:\/\/www.marielngeffray.com\/wp-content\/uploads\/2024\/12\/Collection-dans-ma-bulle-set-de-papiers-nouv-100x100.jpg 100w, https:\/\/www.marielngeffray.com\/wp-content\/uploads\/2024\/12\/Collection-dans-ma-bulle-set-de-papiers-nouv.jpg 794w\" sizes=\"(max-width: 300px) 100vw, 300px\" \/><h2 class=\"woocommerce-loop-product__title\">Collection de papiers \u00ab\u00a0Dans ma bulle\u00a0\u00bb &#8211; PS23<\/h2>\n\t<span class=\"price\"><span class=\"woocommerce-Price-amount amount\"><bdi>12.00<span class=\"woocommerce-Price-currencySymbol\">&euro;<\/span><\/bdi><\/span> <small class=\"woocommerce-price-suffix\">TTC<\/small><\/span>\n<\/a><a href=\"https:\/\/www.marielngeffray.com\/index.php\/produit\/collection-de-papiers-dans-ma-bulle-ps23\/\" aria-describedby=\"woocommerce_loop_add_to_cart_link_describedby_50716\" data-quantity=\"1\" class=\"button product_type_simple\" data-product_id=\"50716\" data-product_sku=\"\" aria-label=\"En savoir plus sur &ldquo;Collection de papiers &quot;Dans ma bulle&quot; - PS23&rdquo;\" rel=\"nofollow\" data-success_message=\"\">Lire la suite<\/a>\t<span id=\"woocommerce_loop_add_to_cart_link_describedby_50716\" class=\"screen-reader-text\">\n\t\t\t<\/span>\n<\/li>\n<li class=\"product type-product post-51008 status-publish instock product_cat-albums-et-pochettes product_cat-collection-au-jardin product_cat-collection-dans-ma-bulle has-post-thumbnail taxable shipping-taxable purchasable product-type-simple\">\n\t<a href=\"https:\/\/www.marielngeffray.com\/index.php\/produit\/couverture-de-classeur-a5-jaune\/\" class=\"woocommerce-LoopProduct-link woocommerce-loop-product__link\"><img decoding=\"async\" width=\"300\" height=\"300\" src=\"https:\/\/www.marielngeffray.com\/wp-content\/uploads\/2025\/04\/classeur-jaune-01-300x300.jpg\" class=\"attachment-woocommerce_thumbnail size-woocommerce_thumbnail\" alt=\"Couverture de classeur A5 \u00ab jaune \u00bb\" srcset=\"https:\/\/www.marielngeffray.com\/wp-content\/uploads\/2025\/04\/classeur-jaune-01-300x300.jpg 300w, https:\/\/www.marielngeffray.com\/wp-content\/uploads\/2025\/04\/classeur-jaune-01-150x150.jpg 150w, https:\/\/www.marielngeffray.com\/wp-content\/uploads\/2025\/04\/classeur-jaune-01-100x100.jpg 100w, https:\/\/www.marielngeffray.com\/wp-content\/uploads\/2025\/04\/classeur-jaune-01.jpg 500w\" sizes=\"(max-width: 300px) 100vw, 300px\" \/><h2 class=\"woocommerce-loop-product__title\">Couverture de classeur A5 \u00ab jaune \u00bb<\/h2>\n\t<span class=\"price\"><span class=\"woocommerce-Price-amount amount\"><bdi>16.00<span class=\"woocommerce-Price-currencySymbol\">&euro;<\/span><\/bdi><\/span> <small class=\"woocommerce-price-suffix\">TTC<\/small><\/span>\n<\/a><a href=\"\/index.php\/wp-json\/wp\/v2\/pages\/50790?add-to-cart=51008\" aria-describedby=\"woocommerce_loop_add_to_cart_link_describedby_51008\" data-quantity=\"1\" class=\"button product_type_simple add_to_cart_button ajax_add_to_cart\" data-product_id=\"51008\" data-product_sku=\"\" aria-label=\"Ajouter au panier\u00a0: &ldquo;Couverture de classeur A5 \u00ab jaune \u00bb&rdquo;\" rel=\"nofollow\" data-success_message=\"\u00ab\u00a0Couverture de classeur A5 \u00ab jaune \u00bb\u00a0\u00bb a \u00e9t\u00e9 ajout\u00e9 \u00e0 votre panier\" role=\"button\">Ajouter au panier<\/a>\t<span id=\"woocommerce_loop_add_to_cart_link_describedby_51008\" class=\"screen-reader-text\">\n\t\t\t<\/span>\n<\/li>\n<li class=\"product type-product post-51016 status-publish instock product_cat-albums-et-pochettes product_cat-collection-au-jardin product_cat-collection-dans-ma-bulle has-post-thumbnail taxable shipping-taxable purchasable product-type-simple\">\n\t<a href=\"https:\/\/www.marielngeffray.com\/index.php\/produit\/couverture-de-classeur-a5-jaune-1-mecanisme-de-classeur-6-anneaux\/\" class=\"woocommerce-LoopProduct-link woocommerce-loop-product__link\"><img decoding=\"async\" width=\"300\" height=\"300\" src=\"https:\/\/www.marielngeffray.com\/wp-content\/uploads\/2025\/04\/classeur-jaune-01-300x300.jpg\" class=\"attachment-woocommerce_thumbnail size-woocommerce_thumbnail\" alt=\"Couverture de classeur A5 \u00ab jaune \u00bb + 1 m\u00e9canisme de classeur 6 anneaux\" srcset=\"https:\/\/www.marielngeffray.com\/wp-content\/uploads\/2025\/04\/classeur-jaune-01-300x300.jpg 300w, https:\/\/www.marielngeffray.com\/wp-content\/uploads\/2025\/04\/classeur-jaune-01-150x150.jpg 150w, https:\/\/www.marielngeffray.com\/wp-content\/uploads\/2025\/04\/classeur-jaune-01-100x100.jpg 100w, https:\/\/www.marielngeffray.com\/wp-content\/uploads\/2025\/04\/classeur-jaune-01.jpg 500w\" sizes=\"(max-width: 300px) 100vw, 300px\" \/><h2 class=\"woocommerce-loop-product__title\">Couverture de classeur A5 \u00ab jaune \u00bb + 1 m\u00e9canisme de classeur 6 anneaux<\/h2>\n\t<span class=\"price\"><span class=\"woocommerce-Price-amount amount\"><bdi>22.00<span class=\"woocommerce-Price-currencySymbol\">&euro;<\/span><\/bdi><\/span> <small class=\"woocommerce-price-suffix\">TTC<\/small><\/span>\n<\/a><a href=\"\/index.php\/wp-json\/wp\/v2\/pages\/50790?add-to-cart=51016\" aria-describedby=\"woocommerce_loop_add_to_cart_link_describedby_51016\" data-quantity=\"1\" class=\"button product_type_simple add_to_cart_button ajax_add_to_cart\" data-product_id=\"51016\" data-product_sku=\"\" aria-label=\"Ajouter au panier\u00a0: &ldquo;Couverture de classeur A5 \u00ab jaune \u00bb + 1 m\u00e9canisme de classeur 6 anneaux&rdquo;\" rel=\"nofollow\" data-success_message=\"\u00ab\u00a0Couverture de classeur A5 \u00ab jaune \u00bb + 1 m\u00e9canisme de classeur 6 anneaux\u00a0\u00bb a \u00e9t\u00e9 ajout\u00e9 \u00e0 votre panier\" role=\"button\">Ajouter au panier<\/a>\t<span id=\"woocommerce_loop_add_to_cart_link_describedby_51016\" class=\"screen-reader-text\">\n\t\t\t<\/span>\n<\/li>\n<li class=\"product type-product post-51012 status-publish last instock product_cat-albums-et-pochettes product_cat-collection-dans-ma-bulle product_cat-collection-douces-heures has-post-thumbnail taxable shipping-taxable purchasable product-type-simple\">\n\t<a href=\"https:\/\/www.marielngeffray.com\/index.php\/produit\/couverture-de-classeur-a5-rouge\/\" class=\"woocommerce-LoopProduct-link woocommerce-loop-product__link\"><img loading=\"lazy\" decoding=\"async\" width=\"300\" height=\"300\" src=\"https:\/\/www.marielngeffray.com\/wp-content\/uploads\/2025\/04\/classeur-rouge-03-300x300.jpg\" class=\"attachment-woocommerce_thumbnail size-woocommerce_thumbnail\" alt=\"Couverture de classeur A5 \u00ab rouge \u00bb\" srcset=\"https:\/\/www.marielngeffray.com\/wp-content\/uploads\/2025\/04\/classeur-rouge-03-300x300.jpg 300w, https:\/\/www.marielngeffray.com\/wp-content\/uploads\/2025\/04\/classeur-rouge-03-150x150.jpg 150w, https:\/\/www.marielngeffray.com\/wp-content\/uploads\/2025\/04\/classeur-rouge-03-100x100.jpg 100w, https:\/\/www.marielngeffray.com\/wp-content\/uploads\/2025\/04\/classeur-rouge-03.jpg 500w\" sizes=\"(max-width: 300px) 100vw, 300px\" \/><h2 class=\"woocommerce-loop-product__title\">Couverture de classeur A5 \u00ab rouge \u00bb<\/h2>\n\t<span class=\"price\"><span class=\"woocommerce-Price-amount amount\"><bdi>16.00<span class=\"woocommerce-Price-currencySymbol\">&euro;<\/span><\/bdi><\/span> <small class=\"woocommerce-price-suffix\">TTC<\/small><\/span>\n<\/a><a href=\"\/index.php\/wp-json\/wp\/v2\/pages\/50790?add-to-cart=51012\" aria-describedby=\"woocommerce_loop_add_to_cart_link_describedby_51012\" data-quantity=\"1\" class=\"button product_type_simple add_to_cart_button ajax_add_to_cart\" data-product_id=\"51012\" data-product_sku=\"\" aria-label=\"Ajouter au panier\u00a0: &ldquo;Couverture de classeur A5 \u00ab rouge \u00bb&rdquo;\" rel=\"nofollow\" data-success_message=\"\u00ab\u00a0Couverture de classeur A5 \u00ab rouge \u00bb\u00a0\u00bb a \u00e9t\u00e9 ajout\u00e9 \u00e0 votre panier\" role=\"button\">Ajouter au panier<\/a>\t<span id=\"woocommerce_loop_add_to_cart_link_describedby_51012\" class=\"screen-reader-text\">\n\t\t\t<\/span>\n<\/li>\n<li class=\"product type-product post-51736 status-publish first instock product_cat-albums-et-pochettes product_cat-collection-dans-ma-bulle product_cat-collection-douces-heures has-post-thumbnail taxable shipping-taxable purchasable product-type-simple\">\n\t<a href=\"https:\/\/www.marielngeffray.com\/index.php\/produit\/couverture-de-classeur-a5-rouge-douces-heures\/\" class=\"woocommerce-LoopProduct-link woocommerce-loop-product__link\"><img loading=\"lazy\" decoding=\"async\" width=\"300\" height=\"300\" src=\"https:\/\/www.marielngeffray.com\/wp-content\/uploads\/2025\/11\/Collection-douces-heures-Classeur-rouge-300x300.jpg\" class=\"attachment-woocommerce_thumbnail size-woocommerce_thumbnail\" alt=\"Couverture de classeur A5 \u00ab rouge \u00bb - Douces heures\" srcset=\"https:\/\/www.marielngeffray.com\/wp-content\/uploads\/2025\/11\/Collection-douces-heures-Classeur-rouge-300x300.jpg 300w, https:\/\/www.marielngeffray.com\/wp-content\/uploads\/2025\/11\/Collection-douces-heures-Classeur-rouge-150x150.jpg 150w, https:\/\/www.marielngeffray.com\/wp-content\/uploads\/2025\/11\/Collection-douces-heures-Classeur-rouge-768x768.jpg 768w, https:\/\/www.marielngeffray.com\/wp-content\/uploads\/2025\/11\/Collection-douces-heures-Classeur-rouge-600x600.jpg 600w, https:\/\/www.marielngeffray.com\/wp-content\/uploads\/2025\/11\/Collection-douces-heures-Classeur-rouge-100x100.jpg 100w, https:\/\/www.marielngeffray.com\/wp-content\/uploads\/2025\/11\/Collection-douces-heures-Classeur-rouge.jpg 794w\" sizes=\"(max-width: 300px) 100vw, 300px\" \/><h2 class=\"woocommerce-loop-product__title\">Couverture de classeur A5 \u00ab rouge \u00bb &#8211; Douces heures<\/h2>\n\t<span class=\"price\"><span class=\"woocommerce-Price-amount amount\"><bdi>16.00<span class=\"woocommerce-Price-currencySymbol\">&euro;<\/span><\/bdi><\/span> <small class=\"woocommerce-price-suffix\">TTC<\/small><\/span>\n<\/a><a href=\"\/index.php\/wp-json\/wp\/v2\/pages\/50790?add-to-cart=51736\" aria-describedby=\"woocommerce_loop_add_to_cart_link_describedby_51736\" data-quantity=\"1\" class=\"button product_type_simple add_to_cart_button ajax_add_to_cart\" data-product_id=\"51736\" data-product_sku=\"\" aria-label=\"Ajouter au panier\u00a0: &ldquo;Couverture de classeur A5 \u00ab rouge \u00bb - Douces heures&rdquo;\" rel=\"nofollow\" data-success_message=\"\u00ab\u00a0Couverture de classeur A5 \u00ab rouge \u00bb - Douces heures\u00a0\u00bb a \u00e9t\u00e9 ajout\u00e9 \u00e0 votre panier\" role=\"button\">Ajouter au panier<\/a>\t<span id=\"woocommerce_loop_add_to_cart_link_describedby_51736\" class=\"screen-reader-text\">\n\t\t\t<\/span>\n<\/li>\n<li class=\"product type-product post-51738 status-publish instock product_cat-albums-et-pochettes product_cat-collection-dans-ma-bulle product_cat-collection-douces-heures has-post-thumbnail taxable shipping-taxable purchasable product-type-simple\">\n\t<a href=\"https:\/\/www.marielngeffray.com\/index.php\/produit\/couverture-de-classeur-a5-rouge-douces-heures-1-mecanisme-de-classeur-6-anneaux\/\" class=\"woocommerce-LoopProduct-link woocommerce-loop-product__link\"><img loading=\"lazy\" decoding=\"async\" width=\"300\" height=\"300\" src=\"https:\/\/www.marielngeffray.com\/wp-content\/uploads\/2025\/11\/Collection-douces-heures-Classeur-rouge-300x300.jpg\" class=\"attachment-woocommerce_thumbnail size-woocommerce_thumbnail\" alt=\"Couverture de classeur A5 \u00ab rouge \u00bb - Douces heures + 1 m\u00e9canisme de classeur 6 anneaux\" srcset=\"https:\/\/www.marielngeffray.com\/wp-content\/uploads\/2025\/11\/Collection-douces-heures-Classeur-rouge-300x300.jpg 300w, https:\/\/www.marielngeffray.com\/wp-content\/uploads\/2025\/11\/Collection-douces-heures-Classeur-rouge-150x150.jpg 150w, https:\/\/www.marielngeffray.com\/wp-content\/uploads\/2025\/11\/Collection-douces-heures-Classeur-rouge-768x768.jpg 768w, https:\/\/www.marielngeffray.com\/wp-content\/uploads\/2025\/11\/Collection-douces-heures-Classeur-rouge-600x600.jpg 600w, https:\/\/www.marielngeffray.com\/wp-content\/uploads\/2025\/11\/Collection-douces-heures-Classeur-rouge-100x100.jpg 100w, https:\/\/www.marielngeffray.com\/wp-content\/uploads\/2025\/11\/Collection-douces-heures-Classeur-rouge.jpg 794w\" sizes=\"(max-width: 300px) 100vw, 300px\" \/><h2 class=\"woocommerce-loop-product__title\">Couverture de classeur A5 \u00ab rouge \u00bb &#8211; Douces heures + 1 m\u00e9canisme de classeur 6 anneaux<\/h2>\n\t<span class=\"price\"><span class=\"woocommerce-Price-amount amount\"><bdi>22.00<span class=\"woocommerce-Price-currencySymbol\">&euro;<\/span><\/bdi><\/span> <small class=\"woocommerce-price-suffix\">TTC<\/small><\/span>\n<\/a><a href=\"\/index.php\/wp-json\/wp\/v2\/pages\/50790?add-to-cart=51738\" aria-describedby=\"woocommerce_loop_add_to_cart_link_describedby_51738\" data-quantity=\"1\" class=\"button product_type_simple add_to_cart_button ajax_add_to_cart\" data-product_id=\"51738\" data-product_sku=\"\" aria-label=\"Ajouter au panier\u00a0: &ldquo;Couverture de classeur A5 \u00ab rouge \u00bb - Douces heures + 1 m\u00e9canisme de classeur 6 anneaux&rdquo;\" rel=\"nofollow\" data-success_message=\"\u00ab\u00a0Couverture de classeur A5 \u00ab rouge \u00bb - Douces heures + 1 m\u00e9canisme de classeur 6 anneaux\u00a0\u00bb a \u00e9t\u00e9 ajout\u00e9 \u00e0 votre panier\" role=\"button\">Ajouter au panier<\/a>\t<span id=\"woocommerce_loop_add_to_cart_link_describedby_51738\" class=\"screen-reader-text\">\n\t\t\t<\/span>\n<\/li>\n<li class=\"product type-product post-51017 status-publish instock product_cat-albums-et-pochettes product_cat-collection-dans-ma-bulle product_cat-collection-douces-heures has-post-thumbnail taxable shipping-taxable purchasable product-type-simple\">\n\t<a href=\"https:\/\/www.marielngeffray.com\/index.php\/produit\/couverture-de-classeur-a5-rouge-1-mecanisme-de-classeur-6-anneaux\/\" class=\"woocommerce-LoopProduct-link woocommerce-loop-product__link\"><img loading=\"lazy\" decoding=\"async\" width=\"300\" height=\"300\" src=\"https:\/\/www.marielngeffray.com\/wp-content\/uploads\/2025\/04\/classeur-rouge-03-300x300.jpg\" class=\"attachment-woocommerce_thumbnail size-woocommerce_thumbnail\" alt=\"Couverture de classeur A5 \u00ab rouge \u00bb + 1 m\u00e9canisme de classeur 6 anneaux\" srcset=\"https:\/\/www.marielngeffray.com\/wp-content\/uploads\/2025\/04\/classeur-rouge-03-300x300.jpg 300w, https:\/\/www.marielngeffray.com\/wp-content\/uploads\/2025\/04\/classeur-rouge-03-150x150.jpg 150w, https:\/\/www.marielngeffray.com\/wp-content\/uploads\/2025\/04\/classeur-rouge-03-100x100.jpg 100w, https:\/\/www.marielngeffray.com\/wp-content\/uploads\/2025\/04\/classeur-rouge-03.jpg 500w\" sizes=\"(max-width: 300px) 100vw, 300px\" \/><h2 class=\"woocommerce-loop-product__title\">Couverture de classeur A5 \u00ab rouge \u00bb + 1 m\u00e9canisme de classeur 6 anneaux<\/h2>\n\t<span class=\"price\"><span class=\"woocommerce-Price-amount amount\"><bdi>22.00<span class=\"woocommerce-Price-currencySymbol\">&euro;<\/span><\/bdi><\/span> <small class=\"woocommerce-price-suffix\">TTC<\/small><\/span>\n<\/a><a href=\"\/index.php\/wp-json\/wp\/v2\/pages\/50790?add-to-cart=51017\" aria-describedby=\"woocommerce_loop_add_to_cart_link_describedby_51017\" data-quantity=\"1\" class=\"button product_type_simple add_to_cart_button ajax_add_to_cart\" data-product_id=\"51017\" data-product_sku=\"\" aria-label=\"Ajouter au panier\u00a0: &ldquo;Couverture de classeur A5 \u00ab rouge \u00bb + 1 m\u00e9canisme de classeur 6 anneaux&rdquo;\" rel=\"nofollow\" data-success_message=\"\u00ab\u00a0Couverture de classeur A5 \u00ab rouge \u00bb + 1 m\u00e9canisme de classeur 6 anneaux\u00a0\u00bb a \u00e9t\u00e9 ajout\u00e9 \u00e0 votre panier\" role=\"button\">Ajouter au panier<\/a>\t<span id=\"woocommerce_loop_add_to_cart_link_describedby_51017\" class=\"screen-reader-text\">\n\t\t\t<\/span>\n<\/li>\n<li class=\"product type-product post-50777 status-publish last instock product_cat-badges product_cat-collection-dans-ma-bulle has-post-thumbnail taxable shipping-taxable purchasable product-type-simple\">\n\t<a href=\"https:\/\/www.marielngeffray.com\/index.php\/produit\/lot-de-4-badges-dans-ma-bulle-ba22\/\" class=\"woocommerce-LoopProduct-link woocommerce-loop-product__link\"><img loading=\"lazy\" decoding=\"async\" width=\"300\" height=\"300\" src=\"https:\/\/www.marielngeffray.com\/wp-content\/uploads\/2024\/12\/Collection-dans-ma-bulle-lot-de-4-badges-nouv-300x300.jpg\" class=\"attachment-woocommerce_thumbnail size-woocommerce_thumbnail\" alt=\"Lot de 4 badges   &quot; Dans ma bulle &quot; \u2013 BA22\" srcset=\"https:\/\/www.marielngeffray.com\/wp-content\/uploads\/2024\/12\/Collection-dans-ma-bulle-lot-de-4-badges-nouv-300x300.jpg 300w, https:\/\/www.marielngeffray.com\/wp-content\/uploads\/2024\/12\/Collection-dans-ma-bulle-lot-de-4-badges-nouv-150x150.jpg 150w, https:\/\/www.marielngeffray.com\/wp-content\/uploads\/2024\/12\/Collection-dans-ma-bulle-lot-de-4-badges-nouv-768x768.jpg 768w, https:\/\/www.marielngeffray.com\/wp-content\/uploads\/2024\/12\/Collection-dans-ma-bulle-lot-de-4-badges-nouv-600x600.jpg 600w, https:\/\/www.marielngeffray.com\/wp-content\/uploads\/2024\/12\/Collection-dans-ma-bulle-lot-de-4-badges-nouv-100x100.jpg 100w, https:\/\/www.marielngeffray.com\/wp-content\/uploads\/2024\/12\/Collection-dans-ma-bulle-lot-de-4-badges-nouv.jpg 794w\" sizes=\"(max-width: 300px) 100vw, 300px\" \/><h2 class=\"woocommerce-loop-product__title\">Lot de 4 badges   \u00a0\u00bb Dans ma bulle \u00a0\u00bb \u2013 BA22<\/h2>\n\t<span class=\"price\"><span class=\"woocommerce-Price-amount amount\"><bdi>3.00<span class=\"woocommerce-Price-currencySymbol\">&euro;<\/span><\/bdi><\/span> <small class=\"woocommerce-price-suffix\">TTC<\/small><\/span>\n<\/a><a href=\"\/index.php\/wp-json\/wp\/v2\/pages\/50790?add-to-cart=50777\" aria-describedby=\"woocommerce_loop_add_to_cart_link_describedby_50777\" data-quantity=\"1\" class=\"button product_type_simple add_to_cart_button ajax_add_to_cart\" data-product_id=\"50777\" data-product_sku=\"\" aria-label=\"Ajouter au panier\u00a0: &ldquo;Lot de 4 badges   &quot; Dans ma bulle &quot; \u2013 BA22&rdquo;\" rel=\"nofollow\" data-success_message=\"\u00ab\u00a0Lot de 4 badges   &quot; Dans ma bulle &quot; \u2013 BA22\u00a0\u00bb a \u00e9t\u00e9 ajout\u00e9 \u00e0 votre panier\" role=\"button\">Ajouter au panier<\/a>\t<span id=\"woocommerce_loop_add_to_cart_link_describedby_50777\" class=\"screen-reader-text\">\n\t\t\t<\/span>\n<\/li>\n<li class=\"product type-product post-50719 status-publish first outofstock product_cat-collection-dans-ma-bulle product_cat-mots-acryliques has-post-thumbnail taxable shipping-taxable purchasable product-type-simple\">\n\t<a href=\"https:\/\/www.marielngeffray.com\/index.php\/produit\/mots-acryliques-adhesifs-aa05-dans-ma-bulle-et-amitie\/\" class=\"woocommerce-LoopProduct-link woocommerce-loop-product__link\"><img loading=\"lazy\" decoding=\"async\" width=\"300\" height=\"300\" src=\"https:\/\/www.marielngeffray.com\/wp-content\/uploads\/2024\/12\/AA05-02-300x300.jpg\" class=\"attachment-woocommerce_thumbnail size-woocommerce_thumbnail\" alt=\"Mots acryliques adh\u00e9sifs AA05 - &quot;Dans ma bulle&quot; et &quot;Amiti\u00e9&quot;\" srcset=\"https:\/\/www.marielngeffray.com\/wp-content\/uploads\/2024\/12\/AA05-02-300x300.jpg 300w, https:\/\/www.marielngeffray.com\/wp-content\/uploads\/2024\/12\/AA05-02-150x150.jpg 150w, https:\/\/www.marielngeffray.com\/wp-content\/uploads\/2024\/12\/AA05-02-100x100.jpg 100w, https:\/\/www.marielngeffray.com\/wp-content\/uploads\/2024\/12\/AA05-02.jpg 500w\" sizes=\"(max-width: 300px) 100vw, 300px\" \/><h2 class=\"woocommerce-loop-product__title\">Mots acryliques adh\u00e9sifs AA05 &#8211; \u00ab\u00a0Dans ma bulle\u00a0\u00bb et \u00ab\u00a0Amiti\u00e9\u00a0\u00bb<\/h2>\n\t<span class=\"price\"><span class=\"woocommerce-Price-amount amount\"><bdi>6.00<span class=\"woocommerce-Price-currencySymbol\">&euro;<\/span><\/bdi><\/span> <small class=\"woocommerce-price-suffix\">TTC<\/small><\/span>\n<\/a><a href=\"https:\/\/www.marielngeffray.com\/index.php\/produit\/mots-acryliques-adhesifs-aa05-dans-ma-bulle-et-amitie\/\" aria-describedby=\"woocommerce_loop_add_to_cart_link_describedby_50719\" data-quantity=\"1\" class=\"button product_type_simple\" data-product_id=\"50719\" data-product_sku=\"\" aria-label=\"En savoir plus sur &ldquo;Mots acryliques adh\u00e9sifs AA05 - &quot;Dans ma bulle&quot; et &quot;Amiti\u00e9&quot;&rdquo;\" rel=\"nofollow\" data-success_message=\"\">Lire la suite<\/a>\t<span id=\"woocommerce_loop_add_to_cart_link_describedby_50719\" class=\"screen-reader-text\">\n\t\t\t<\/span>\n<\/li>\n<li class=\"product type-product post-50766 status-publish instock product_cat-collection-dans-ma-bulle product_cat-mots-acryliques has-post-thumbnail taxable shipping-taxable purchasable product-type-simple\">\n\t<a href=\"https:\/\/www.marielngeffray.com\/index.php\/produit\/mots-acryliques-adhesifs-aa06-precieux-moments-et-2-polas\/\" class=\"woocommerce-LoopProduct-link woocommerce-loop-product__link\"><img loading=\"lazy\" decoding=\"async\" width=\"300\" height=\"300\" src=\"https:\/\/www.marielngeffray.com\/wp-content\/uploads\/2024\/12\/AA06-02-300x300.jpg\" class=\"attachment-woocommerce_thumbnail size-woocommerce_thumbnail\" alt=\"Mots acryliques adh\u00e9sifs AA06 - &quot;Pr\u00e9cieux moments&quot; et 2 polas\" srcset=\"https:\/\/www.marielngeffray.com\/wp-content\/uploads\/2024\/12\/AA06-02-300x300.jpg 300w, https:\/\/www.marielngeffray.com\/wp-content\/uploads\/2024\/12\/AA06-02-150x150.jpg 150w, https:\/\/www.marielngeffray.com\/wp-content\/uploads\/2024\/12\/AA06-02-100x100.jpg 100w, https:\/\/www.marielngeffray.com\/wp-content\/uploads\/2024\/12\/AA06-02.jpg 500w\" sizes=\"(max-width: 300px) 100vw, 300px\" \/><h2 class=\"woocommerce-loop-product__title\">Mots acryliques adh\u00e9sifs AA06 &#8211; \u00ab\u00a0Pr\u00e9cieux moments\u00a0\u00bb et 2 polas<\/h2>\n\t<span class=\"price\"><span class=\"woocommerce-Price-amount amount\"><bdi>6.00<span class=\"woocommerce-Price-currencySymbol\">&euro;<\/span><\/bdi><\/span> <small class=\"woocommerce-price-suffix\">TTC<\/small><\/span>\n<\/a><a href=\"\/index.php\/wp-json\/wp\/v2\/pages\/50790?add-to-cart=50766\" aria-describedby=\"woocommerce_loop_add_to_cart_link_describedby_50766\" data-quantity=\"1\" class=\"button product_type_simple add_to_cart_button ajax_add_to_cart\" data-product_id=\"50766\" data-product_sku=\"\" aria-label=\"Ajouter au panier\u00a0: &ldquo;Mots acryliques adh\u00e9sifs AA06 - &quot;Pr\u00e9cieux moments&quot; et 2 polas&rdquo;\" rel=\"nofollow\" data-success_message=\"\u00ab\u00a0Mots acryliques adh\u00e9sifs AA06 - &quot;Pr\u00e9cieux moments&quot; et 2 polas\u00a0\u00bb a \u00e9t\u00e9 ajout\u00e9 \u00e0 votre panier\" role=\"button\">Ajouter au panier<\/a>\t<span id=\"woocommerce_loop_add_to_cart_link_describedby_50766\" class=\"screen-reader-text\">\n\t\t\t<\/span>\n<\/li>\n<li class=\"product type-product post-50775 status-publish instock product_cat-collection-dans-ma-bulle product_cat-etiquettes-a-decouper has-post-thumbnail taxable shipping-taxable purchasable product-type-simple\">\n\t<a href=\"https:\/\/www.marielngeffray.com\/index.php\/produit\/planche-detiquettes-a-decouper-dans-ma-bulle\/\" class=\"woocommerce-LoopProduct-link woocommerce-loop-product__link\"><img loading=\"lazy\" decoding=\"async\" width=\"300\" height=\"300\" src=\"https:\/\/www.marielngeffray.com\/wp-content\/uploads\/2024\/12\/Collection-dans-ma-bulle-Etiquettes-a-decouper-planche-15-x-30-nouv-300x300.jpg\" class=\"attachment-woocommerce_thumbnail size-woocommerce_thumbnail\" alt=\"Planche d\u2019\u00e9tiquettes \u00e0 d\u00e9couper \u00ab Dans ma bulle \u00bb\" srcset=\"https:\/\/www.marielngeffray.com\/wp-content\/uploads\/2024\/12\/Collection-dans-ma-bulle-Etiquettes-a-decouper-planche-15-x-30-nouv-300x300.jpg 300w, https:\/\/www.marielngeffray.com\/wp-content\/uploads\/2024\/12\/Collection-dans-ma-bulle-Etiquettes-a-decouper-planche-15-x-30-nouv-150x150.jpg 150w, https:\/\/www.marielngeffray.com\/wp-content\/uploads\/2024\/12\/Collection-dans-ma-bulle-Etiquettes-a-decouper-planche-15-x-30-nouv-768x768.jpg 768w, https:\/\/www.marielngeffray.com\/wp-content\/uploads\/2024\/12\/Collection-dans-ma-bulle-Etiquettes-a-decouper-planche-15-x-30-nouv-600x600.jpg 600w, https:\/\/www.marielngeffray.com\/wp-content\/uploads\/2024\/12\/Collection-dans-ma-bulle-Etiquettes-a-decouper-planche-15-x-30-nouv-100x100.jpg 100w, https:\/\/www.marielngeffray.com\/wp-content\/uploads\/2024\/12\/Collection-dans-ma-bulle-Etiquettes-a-decouper-planche-15-x-30-nouv.jpg 794w\" sizes=\"(max-width: 300px) 100vw, 300px\" \/><h2 class=\"woocommerce-loop-product__title\">Planche d\u2019\u00e9tiquettes \u00e0 d\u00e9couper \u00ab Dans ma bulle \u00bb<\/h2>\n\t<span class=\"price\"><span class=\"woocommerce-Price-amount amount\"><bdi>2.00<span class=\"woocommerce-Price-currencySymbol\">&euro;<\/span><\/bdi><\/span> <small class=\"woocommerce-price-suffix\">TTC<\/small><\/span>\n<\/a><a href=\"\/index.php\/wp-json\/wp\/v2\/pages\/50790?add-to-cart=50775\" aria-describedby=\"woocommerce_loop_add_to_cart_link_describedby_50775\" data-quantity=\"1\" class=\"button product_type_simple add_to_cart_button ajax_add_to_cart\" data-product_id=\"50775\" data-product_sku=\"\" aria-label=\"Ajouter au panier\u00a0: &ldquo;Planche d\u2019\u00e9tiquettes \u00e0 d\u00e9couper \u00ab Dans ma bulle \u00bb&rdquo;\" rel=\"nofollow\" data-success_message=\"\u00ab\u00a0Planche d\u2019\u00e9tiquettes \u00e0 d\u00e9couper \u00ab Dans ma bulle \u00bb\u00a0\u00bb a \u00e9t\u00e9 ajout\u00e9 \u00e0 votre panier\" role=\"button\">Ajouter au panier<\/a>\t<span id=\"woocommerce_loop_add_to_cart_link_describedby_50775\" class=\"screen-reader-text\">\n\t\t\t<\/span>\n<\/li>\n<li class=\"product type-product post-50779 status-publish last outofstock product_cat-collection-dans-ma-bulle product_cat-pochoirs has-post-thumbnail taxable shipping-taxable purchasable product-type-simple\">\n\t<a href=\"https:\/\/www.marielngeffray.com\/index.php\/produit\/pochoir-au-soleil-collection-dans-ma-bulle\/\" class=\"woocommerce-LoopProduct-link woocommerce-loop-product__link\"><img loading=\"lazy\" decoding=\"async\" width=\"300\" height=\"300\" src=\"https:\/\/www.marielngeffray.com\/wp-content\/uploads\/2024\/12\/Collection-dans-ma-bulle-pochoir-Au-soleil-nouv-300x300.jpg\" class=\"attachment-woocommerce_thumbnail size-woocommerce_thumbnail\" alt=\"Pochoir &quot;Au soleil&quot; - Collection Dans ma bulle.\" srcset=\"https:\/\/www.marielngeffray.com\/wp-content\/uploads\/2024\/12\/Collection-dans-ma-bulle-pochoir-Au-soleil-nouv-300x300.jpg 300w, https:\/\/www.marielngeffray.com\/wp-content\/uploads\/2024\/12\/Collection-dans-ma-bulle-pochoir-Au-soleil-nouv-150x150.jpg 150w, https:\/\/www.marielngeffray.com\/wp-content\/uploads\/2024\/12\/Collection-dans-ma-bulle-pochoir-Au-soleil-nouv-768x768.jpg 768w, https:\/\/www.marielngeffray.com\/wp-content\/uploads\/2024\/12\/Collection-dans-ma-bulle-pochoir-Au-soleil-nouv-600x600.jpg 600w, https:\/\/www.marielngeffray.com\/wp-content\/uploads\/2024\/12\/Collection-dans-ma-bulle-pochoir-Au-soleil-nouv-100x100.jpg 100w, https:\/\/www.marielngeffray.com\/wp-content\/uploads\/2024\/12\/Collection-dans-ma-bulle-pochoir-Au-soleil-nouv.jpg 794w\" sizes=\"(max-width: 300px) 100vw, 300px\" \/><h2 class=\"woocommerce-loop-product__title\">Pochoir \u00ab\u00a0Au soleil\u00a0\u00bb &#8211; Collection Dans ma bulle.<\/h2>\n\t<span class=\"price\"><span class=\"woocommerce-Price-amount amount\"><bdi>9.00<span class=\"woocommerce-Price-currencySymbol\">&euro;<\/span><\/bdi><\/span> <small class=\"woocommerce-price-suffix\">TTC<\/small><\/span>\n<\/a><a href=\"https:\/\/www.marielngeffray.com\/index.php\/produit\/pochoir-au-soleil-collection-dans-ma-bulle\/\" aria-describedby=\"woocommerce_loop_add_to_cart_link_describedby_50779\" data-quantity=\"1\" class=\"button product_type_simple\" data-product_id=\"50779\" data-product_sku=\"\" aria-label=\"En savoir plus sur &ldquo;Pochoir &quot;Au soleil&quot; - Collection Dans ma bulle.&rdquo;\" rel=\"nofollow\" data-success_message=\"\">Lire la suite<\/a>\t<span id=\"woocommerce_loop_add_to_cart_link_describedby_50779\" class=\"screen-reader-text\">\n\t\t\t<\/span>\n<\/li>\n<li class=\"product type-product post-50780 status-publish first instock product_cat-collection-dans-ma-bulle product_cat-pochoirs has-post-thumbnail taxable shipping-taxable purchasable product-type-simple\">\n\t<a href=\"https:\/\/www.marielngeffray.com\/index.php\/produit\/pochoir-dans-ma-bulle-collection-dans-ma-bulle\/\" class=\"woocommerce-LoopProduct-link woocommerce-loop-product__link\"><img loading=\"lazy\" decoding=\"async\" width=\"300\" height=\"300\" src=\"https:\/\/www.marielngeffray.com\/wp-content\/uploads\/2024\/12\/Collection-dans-ma-bulle-pochoir-Dans-ma-bulle-nouv-300x300.jpg\" class=\"attachment-woocommerce_thumbnail size-woocommerce_thumbnail\" alt=\"Pochoir &quot;Dans ma bulle&quot; - Collection Dans ma bulle.\" srcset=\"https:\/\/www.marielngeffray.com\/wp-content\/uploads\/2024\/12\/Collection-dans-ma-bulle-pochoir-Dans-ma-bulle-nouv-300x300.jpg 300w, https:\/\/www.marielngeffray.com\/wp-content\/uploads\/2024\/12\/Collection-dans-ma-bulle-pochoir-Dans-ma-bulle-nouv-150x150.jpg 150w, https:\/\/www.marielngeffray.com\/wp-content\/uploads\/2024\/12\/Collection-dans-ma-bulle-pochoir-Dans-ma-bulle-nouv-768x768.jpg 768w, https:\/\/www.marielngeffray.com\/wp-content\/uploads\/2024\/12\/Collection-dans-ma-bulle-pochoir-Dans-ma-bulle-nouv-600x600.jpg 600w, https:\/\/www.marielngeffray.com\/wp-content\/uploads\/2024\/12\/Collection-dans-ma-bulle-pochoir-Dans-ma-bulle-nouv-100x100.jpg 100w, https:\/\/www.marielngeffray.com\/wp-content\/uploads\/2024\/12\/Collection-dans-ma-bulle-pochoir-Dans-ma-bulle-nouv.jpg 794w\" sizes=\"(max-width: 300px) 100vw, 300px\" \/><h2 class=\"woocommerce-loop-product__title\">Pochoir \u00ab\u00a0Dans ma bulle\u00a0\u00bb &#8211; Collection Dans ma bulle.<\/h2>\n\t<span class=\"price\"><span class=\"woocommerce-Price-amount amount\"><bdi>9.00<span class=\"woocommerce-Price-currencySymbol\">&euro;<\/span><\/bdi><\/span> <small class=\"woocommerce-price-suffix\">TTC<\/small><\/span>\n<\/a><a href=\"\/index.php\/wp-json\/wp\/v2\/pages\/50790?add-to-cart=50780\" aria-describedby=\"woocommerce_loop_add_to_cart_link_describedby_50780\" data-quantity=\"1\" class=\"button product_type_simple add_to_cart_button ajax_add_to_cart\" data-product_id=\"50780\" data-product_sku=\"\" aria-label=\"Ajouter au panier\u00a0: &ldquo;Pochoir &quot;Dans ma bulle&quot; - Collection Dans ma bulle.&rdquo;\" rel=\"nofollow\" data-success_message=\"\u00ab\u00a0Pochoir &quot;Dans ma bulle&quot; - Collection Dans ma bulle.\u00a0\u00bb a \u00e9t\u00e9 ajout\u00e9 \u00e0 votre panier\" role=\"button\">Ajouter au panier<\/a>\t<span id=\"woocommerce_loop_add_to_cart_link_describedby_50780\" class=\"screen-reader-text\">\n\t\t\t<\/span>\n<\/li>\n<li class=\"product type-product post-50787 status-publish instock product_cat-albums-et-pochettes product_cat-collection-dans-ma-bulle has-post-thumbnail taxable shipping-taxable purchasable product-type-simple\">\n\t<a href=\"https:\/\/www.marielngeffray.com\/index.php\/produit\/set-de-10-pochettes-sp03\/\" class=\"woocommerce-LoopProduct-link woocommerce-loop-product__link\"><img loading=\"lazy\" decoding=\"async\" width=\"300\" height=\"300\" src=\"https:\/\/www.marielngeffray.com\/wp-content\/uploads\/2024\/12\/SP03-01-300x300.jpg\" class=\"attachment-woocommerce_thumbnail size-woocommerce_thumbnail\" alt=\"Set de 10 pochettes SP03\" srcset=\"https:\/\/www.marielngeffray.com\/wp-content\/uploads\/2024\/12\/SP03-01-300x300.jpg 300w, https:\/\/www.marielngeffray.com\/wp-content\/uploads\/2024\/12\/SP03-01-150x150.jpg 150w, https:\/\/www.marielngeffray.com\/wp-content\/uploads\/2024\/12\/SP03-01-100x100.jpg 100w, https:\/\/www.marielngeffray.com\/wp-content\/uploads\/2024\/12\/SP03-01.jpg 500w\" sizes=\"(max-width: 300px) 100vw, 300px\" \/><h2 class=\"woocommerce-loop-product__title\">Set de 10 pochettes SP03<\/h2>\n\t<span class=\"price\"><span class=\"woocommerce-Price-amount amount\"><bdi>12.00<span class=\"woocommerce-Price-currencySymbol\">&euro;<\/span><\/bdi><\/span> <small class=\"woocommerce-price-suffix\">TTC<\/small><\/span>\n<\/a><a href=\"\/index.php\/wp-json\/wp\/v2\/pages\/50790?add-to-cart=50787\" aria-describedby=\"woocommerce_loop_add_to_cart_link_describedby_50787\" data-quantity=\"1\" class=\"button product_type_simple add_to_cart_button ajax_add_to_cart\" data-product_id=\"50787\" data-product_sku=\"\" aria-label=\"Ajouter au panier\u00a0: &ldquo;Set de 10 pochettes SP03&rdquo;\" rel=\"nofollow\" data-success_message=\"\u00ab\u00a0Set de 10 pochettes SP03\u00a0\u00bb a \u00e9t\u00e9 ajout\u00e9 \u00e0 votre panier\" role=\"button\">Ajouter au panier<\/a>\t<span id=\"woocommerce_loop_add_to_cart_link_describedby_50787\" class=\"screen-reader-text\">\n\t\t\t<\/span>\n<\/li>\n<li class=\"product type-product post-50788 status-publish instock product_cat-albums-et-pochettes product_cat-collection-dans-ma-bulle has-post-thumbnail taxable shipping-taxable purchasable product-type-simple\">\n\t<a href=\"https:\/\/www.marielngeffray.com\/index.php\/produit\/set-de-10-pochettes-sp04\/\" class=\"woocommerce-LoopProduct-link woocommerce-loop-product__link\"><img loading=\"lazy\" decoding=\"async\" width=\"300\" height=\"300\" src=\"https:\/\/www.marielngeffray.com\/wp-content\/uploads\/2024\/12\/SP04-01-300x300.jpg\" class=\"attachment-woocommerce_thumbnail size-woocommerce_thumbnail\" alt=\"Set de 10 pochettes SP04\" srcset=\"https:\/\/www.marielngeffray.com\/wp-content\/uploads\/2024\/12\/SP04-01-300x300.jpg 300w, https:\/\/www.marielngeffray.com\/wp-content\/uploads\/2024\/12\/SP04-01-150x150.jpg 150w, https:\/\/www.marielngeffray.com\/wp-content\/uploads\/2024\/12\/SP04-01-100x100.jpg 100w, https:\/\/www.marielngeffray.com\/wp-content\/uploads\/2024\/12\/SP04-01.jpg 500w\" sizes=\"(max-width: 300px) 100vw, 300px\" \/><h2 class=\"woocommerce-loop-product__title\">Set de 10 pochettes SP04<\/h2>\n\t<span class=\"price\"><span class=\"woocommerce-Price-amount amount\"><bdi>12.00<span class=\"woocommerce-Price-currencySymbol\">&euro;<\/span><\/bdi><\/span> <small class=\"woocommerce-price-suffix\">TTC<\/small><\/span>\n<\/a><a href=\"\/index.php\/wp-json\/wp\/v2\/pages\/50790?add-to-cart=50788\" aria-describedby=\"woocommerce_loop_add_to_cart_link_describedby_50788\" data-quantity=\"1\" class=\"button product_type_simple add_to_cart_button ajax_add_to_cart\" data-product_id=\"50788\" data-product_sku=\"\" aria-label=\"Ajouter au panier\u00a0: &ldquo;Set de 10 pochettes SP04&rdquo;\" rel=\"nofollow\" data-success_message=\"\u00ab\u00a0Set de 10 pochettes SP04\u00a0\u00bb a \u00e9t\u00e9 ajout\u00e9 \u00e0 votre panier\" role=\"button\">Ajouter au panier<\/a>\t<span id=\"woocommerce_loop_add_to_cart_link_describedby_50788\" class=\"screen-reader-text\">\n\t\t\t<\/span>\n<\/li>\n<li class=\"product type-product post-50789 status-publish last instock product_cat-albums-et-pochettes product_cat-collection-dans-ma-bulle has-post-thumbnail taxable shipping-taxable purchasable product-type-simple\">\n\t<a href=\"https:\/\/www.marielngeffray.com\/index.php\/produit\/set-de-10-pochettes-sp05\/\" class=\"woocommerce-LoopProduct-link woocommerce-loop-product__link\"><img loading=\"lazy\" decoding=\"async\" width=\"300\" height=\"300\" src=\"https:\/\/www.marielngeffray.com\/wp-content\/uploads\/2024\/12\/SP05-01-300x300.jpg\" class=\"attachment-woocommerce_thumbnail size-woocommerce_thumbnail\" alt=\"Set de 10 pochettes SP05\" srcset=\"https:\/\/www.marielngeffray.com\/wp-content\/uploads\/2024\/12\/SP05-01-300x300.jpg 300w, https:\/\/www.marielngeffray.com\/wp-content\/uploads\/2024\/12\/SP05-01-150x150.jpg 150w, https:\/\/www.marielngeffray.com\/wp-content\/uploads\/2024\/12\/SP05-01-100x100.jpg 100w, https:\/\/www.marielngeffray.com\/wp-content\/uploads\/2024\/12\/SP05-01.jpg 500w\" sizes=\"(max-width: 300px) 100vw, 300px\" \/><h2 class=\"woocommerce-loop-product__title\">Set de 10 pochettes SP05<\/h2>\n\t<span class=\"price\"><span class=\"woocommerce-Price-amount amount\"><bdi>12.00<span class=\"woocommerce-Price-currencySymbol\">&euro;<\/span><\/bdi><\/span> <small class=\"woocommerce-price-suffix\">TTC<\/small><\/span>\n<\/a><a href=\"\/index.php\/wp-json\/wp\/v2\/pages\/50790?add-to-cart=50789\" aria-describedby=\"woocommerce_loop_add_to_cart_link_describedby_50789\" data-quantity=\"1\" class=\"button product_type_simple add_to_cart_button ajax_add_to_cart\" data-product_id=\"50789\" data-product_sku=\"\" aria-label=\"Ajouter au panier\u00a0: &ldquo;Set de 10 pochettes SP05&rdquo;\" rel=\"nofollow\" data-success_message=\"\u00ab\u00a0Set de 10 pochettes SP05\u00a0\u00bb a \u00e9t\u00e9 ajout\u00e9 \u00e0 votre panier\" role=\"button\">Ajouter au panier<\/a>\t<span id=\"woocommerce_loop_add_to_cart_link_describedby_50789\" class=\"screen-reader-text\">\n\t\t\t<\/span>\n<\/li>\n<li class=\"product type-product post-50768 status-publish first instock product_cat-collection-dans-ma-bulle product_cat-dies has-post-thumbnail taxable shipping-taxable purchasable product-type-simple\">\n\t<a href=\"https:\/\/www.marielngeffray.com\/index.php\/produit\/set-de-2-dies-mini-enveloppe-carree-collection-dans-ma-bulle\/\" class=\"woocommerce-LoopProduct-link woocommerce-loop-product__link\"><img loading=\"lazy\" decoding=\"async\" width=\"300\" height=\"300\" src=\"https:\/\/www.marielngeffray.com\/wp-content\/uploads\/2024\/12\/Collection-dans-ma-bulle-DI174-nouv-300x300.jpg\" class=\"attachment-woocommerce_thumbnail size-woocommerce_thumbnail\" alt=\"Set de 2 dies &quot;Mini enveloppe carr\u00e9e&quot; - Collection Dans ma bulle.\" srcset=\"https:\/\/www.marielngeffray.com\/wp-content\/uploads\/2024\/12\/Collection-dans-ma-bulle-DI174-nouv-300x300.jpg 300w, https:\/\/www.marielngeffray.com\/wp-content\/uploads\/2024\/12\/Collection-dans-ma-bulle-DI174-nouv-150x150.jpg 150w, https:\/\/www.marielngeffray.com\/wp-content\/uploads\/2024\/12\/Collection-dans-ma-bulle-DI174-nouv-768x768.jpg 768w, https:\/\/www.marielngeffray.com\/wp-content\/uploads\/2024\/12\/Collection-dans-ma-bulle-DI174-nouv-600x600.jpg 600w, https:\/\/www.marielngeffray.com\/wp-content\/uploads\/2024\/12\/Collection-dans-ma-bulle-DI174-nouv-100x100.jpg 100w, https:\/\/www.marielngeffray.com\/wp-content\/uploads\/2024\/12\/Collection-dans-ma-bulle-DI174-nouv.jpg 794w\" sizes=\"(max-width: 300px) 100vw, 300px\" \/><h2 class=\"woocommerce-loop-product__title\">Set de 2 dies \u00ab\u00a0Mini enveloppe carr\u00e9e\u00a0\u00bb &#8211; Collection Dans ma bulle.<\/h2>\n\t<span class=\"price\"><span class=\"woocommerce-Price-amount amount\"><bdi>13.00<span class=\"woocommerce-Price-currencySymbol\">&euro;<\/span><\/bdi><\/span> <small class=\"woocommerce-price-suffix\">TTC<\/small><\/span>\n<\/a><a href=\"\/index.php\/wp-json\/wp\/v2\/pages\/50790?add-to-cart=50768\" aria-describedby=\"woocommerce_loop_add_to_cart_link_describedby_50768\" data-quantity=\"1\" class=\"button product_type_simple add_to_cart_button ajax_add_to_cart\" data-product_id=\"50768\" data-product_sku=\"\" aria-label=\"Ajouter au panier\u00a0: &ldquo;Set de 2 dies &quot;Mini enveloppe carr\u00e9e&quot; - Collection Dans ma bulle.&rdquo;\" rel=\"nofollow\" data-success_message=\"\u00ab\u00a0Set de 2 dies &quot;Mini enveloppe carr\u00e9e&quot; - Collection Dans ma bulle.\u00a0\u00bb a \u00e9t\u00e9 ajout\u00e9 \u00e0 votre panier\" role=\"button\">Ajouter au panier<\/a>\t<span id=\"woocommerce_loop_add_to_cart_link_describedby_50768\" class=\"screen-reader-text\">\n\t\t\t<\/span>\n<\/li>\n<li class=\"product type-product post-50774 status-publish instock product_cat-collection-dans-ma-bulle product_cat-dies has-post-thumbnail taxable shipping-taxable purchasable product-type-simple\">\n\t<a href=\"https:\/\/www.marielngeffray.com\/index.php\/produit\/set-de-2-dies-mini-longue-enveloppe-collection-dans-ma-bulle\/\" class=\"woocommerce-LoopProduct-link woocommerce-loop-product__link\"><img loading=\"lazy\" decoding=\"async\" width=\"300\" height=\"300\" src=\"https:\/\/www.marielngeffray.com\/wp-content\/uploads\/2024\/12\/Collection-dans-ma-bulle-DI180-nouv-300x300.jpg\" class=\"attachment-woocommerce_thumbnail size-woocommerce_thumbnail\" alt=\"Set de 2 dies &quot;Mini longue enveloppe&quot; - Collection Dans ma bulle.\" srcset=\"https:\/\/www.marielngeffray.com\/wp-content\/uploads\/2024\/12\/Collection-dans-ma-bulle-DI180-nouv-300x300.jpg 300w, https:\/\/www.marielngeffray.com\/wp-content\/uploads\/2024\/12\/Collection-dans-ma-bulle-DI180-nouv-150x150.jpg 150w, https:\/\/www.marielngeffray.com\/wp-content\/uploads\/2024\/12\/Collection-dans-ma-bulle-DI180-nouv-768x768.jpg 768w, https:\/\/www.marielngeffray.com\/wp-content\/uploads\/2024\/12\/Collection-dans-ma-bulle-DI180-nouv-600x600.jpg 600w, https:\/\/www.marielngeffray.com\/wp-content\/uploads\/2024\/12\/Collection-dans-ma-bulle-DI180-nouv-100x100.jpg 100w, https:\/\/www.marielngeffray.com\/wp-content\/uploads\/2024\/12\/Collection-dans-ma-bulle-DI180-nouv.jpg 794w\" sizes=\"(max-width: 300px) 100vw, 300px\" \/><h2 class=\"woocommerce-loop-product__title\">Set de 2 dies \u00ab\u00a0Mini longue enveloppe\u00a0\u00bb &#8211; Collection Dans ma bulle.<\/h2>\n\t<span class=\"price\"><span class=\"woocommerce-Price-amount amount\"><bdi>16.00<span class=\"woocommerce-Price-currencySymbol\">&euro;<\/span><\/bdi><\/span> <small class=\"woocommerce-price-suffix\">TTC<\/small><\/span>\n<\/a><a href=\"\/index.php\/wp-json\/wp\/v2\/pages\/50790?add-to-cart=50774\" aria-describedby=\"woocommerce_loop_add_to_cart_link_describedby_50774\" data-quantity=\"1\" class=\"button product_type_simple add_to_cart_button ajax_add_to_cart\" data-product_id=\"50774\" data-product_sku=\"\" aria-label=\"Ajouter au panier\u00a0: &ldquo;Set de 2 dies &quot;Mini longue enveloppe&quot; - Collection Dans ma bulle.&rdquo;\" rel=\"nofollow\" data-success_message=\"\u00ab\u00a0Set de 2 dies &quot;Mini longue enveloppe&quot; - Collection Dans ma bulle.\u00a0\u00bb a \u00e9t\u00e9 ajout\u00e9 \u00e0 votre panier\" role=\"button\">Ajouter au panier<\/a>\t<span id=\"woocommerce_loop_add_to_cart_link_describedby_50774\" class=\"screen-reader-text\">\n\t\t\t<\/span>\n<\/li>\n<li class=\"product type-product post-50772 status-publish instock product_cat-collection-dans-ma-bulle product_cat-dies has-post-thumbnail taxable shipping-taxable purchasable product-type-simple\">\n\t<a href=\"https:\/\/www.marielngeffray.com\/index.php\/produit\/set-de-3-dies-bordures-1-2-3-collection-dans-ma-bulle\/\" class=\"woocommerce-LoopProduct-link woocommerce-loop-product__link\"><img loading=\"lazy\" decoding=\"async\" width=\"300\" height=\"300\" src=\"https:\/\/www.marielngeffray.com\/wp-content\/uploads\/2024\/12\/Collection-dans-ma-bulle-DI178-nouv-300x300.jpg\" class=\"attachment-woocommerce_thumbnail size-woocommerce_thumbnail\" alt=\"Set de 3 dies &quot;Bordures 1, 2, 3&quot; - Collection Dans ma bulle.\" srcset=\"https:\/\/www.marielngeffray.com\/wp-content\/uploads\/2024\/12\/Collection-dans-ma-bulle-DI178-nouv-300x300.jpg 300w, https:\/\/www.marielngeffray.com\/wp-content\/uploads\/2024\/12\/Collection-dans-ma-bulle-DI178-nouv-150x150.jpg 150w, https:\/\/www.marielngeffray.com\/wp-content\/uploads\/2024\/12\/Collection-dans-ma-bulle-DI178-nouv-768x768.jpg 768w, https:\/\/www.marielngeffray.com\/wp-content\/uploads\/2024\/12\/Collection-dans-ma-bulle-DI178-nouv-600x600.jpg 600w, https:\/\/www.marielngeffray.com\/wp-content\/uploads\/2024\/12\/Collection-dans-ma-bulle-DI178-nouv-100x100.jpg 100w, https:\/\/www.marielngeffray.com\/wp-content\/uploads\/2024\/12\/Collection-dans-ma-bulle-DI178-nouv.jpg 794w\" sizes=\"(max-width: 300px) 100vw, 300px\" \/><h2 class=\"woocommerce-loop-product__title\">Set de 3 dies \u00ab\u00a0Bordures 1, 2, 3\u00a0\u00bb &#8211; Collection Dans ma bulle.<\/h2>\n\t<span class=\"price\"><span class=\"woocommerce-Price-amount amount\"><bdi>13.00<span class=\"woocommerce-Price-currencySymbol\">&euro;<\/span><\/bdi><\/span> <small class=\"woocommerce-price-suffix\">TTC<\/small><\/span>\n<\/a><a href=\"\/index.php\/wp-json\/wp\/v2\/pages\/50790?add-to-cart=50772\" aria-describedby=\"woocommerce_loop_add_to_cart_link_describedby_50772\" data-quantity=\"1\" class=\"button product_type_simple add_to_cart_button ajax_add_to_cart\" data-product_id=\"50772\" data-product_sku=\"\" aria-label=\"Ajouter au panier\u00a0: &ldquo;Set de 3 dies &quot;Bordures 1, 2, 3&quot; - Collection Dans ma bulle.&rdquo;\" rel=\"nofollow\" data-success_message=\"\u00ab\u00a0Set de 3 dies &quot;Bordures 1, 2, 3&quot; - Collection Dans ma bulle.\u00a0\u00bb a \u00e9t\u00e9 ajout\u00e9 \u00e0 votre panier\" role=\"button\">Ajouter au panier<\/a>\t<span id=\"woocommerce_loop_add_to_cart_link_describedby_50772\" class=\"screen-reader-text\">\n\t\t\t<\/span>\n<\/li>\n<li class=\"product type-product post-50773 status-publish last outofstock product_cat-collection-dans-ma-bulle product_cat-dies has-post-thumbnail taxable shipping-taxable purchasable product-type-simple\">\n\t<a href=\"https:\/\/www.marielngeffray.com\/index.php\/produit\/set-de-3-dies-bordures-4-5-6-collection-dans-ma-bulle\/\" class=\"woocommerce-LoopProduct-link woocommerce-loop-product__link\"><img loading=\"lazy\" decoding=\"async\" width=\"300\" height=\"300\" src=\"https:\/\/www.marielngeffray.com\/wp-content\/uploads\/2024\/12\/Collection-dans-ma-bulle-DI179-nouv-300x300.jpg\" class=\"attachment-woocommerce_thumbnail size-woocommerce_thumbnail\" alt=\"Set de 3 dies &quot;Bordures 4, 5, 6&quot; - Collection Dans ma bulle.\" srcset=\"https:\/\/www.marielngeffray.com\/wp-content\/uploads\/2024\/12\/Collection-dans-ma-bulle-DI179-nouv-300x300.jpg 300w, https:\/\/www.marielngeffray.com\/wp-content\/uploads\/2024\/12\/Collection-dans-ma-bulle-DI179-nouv-150x150.jpg 150w, https:\/\/www.marielngeffray.com\/wp-content\/uploads\/2024\/12\/Collection-dans-ma-bulle-DI179-nouv-768x768.jpg 768w, https:\/\/www.marielngeffray.com\/wp-content\/uploads\/2024\/12\/Collection-dans-ma-bulle-DI179-nouv-600x600.jpg 600w, https:\/\/www.marielngeffray.com\/wp-content\/uploads\/2024\/12\/Collection-dans-ma-bulle-DI179-nouv-100x100.jpg 100w, https:\/\/www.marielngeffray.com\/wp-content\/uploads\/2024\/12\/Collection-dans-ma-bulle-DI179-nouv.jpg 794w\" sizes=\"(max-width: 300px) 100vw, 300px\" \/><h2 class=\"woocommerce-loop-product__title\">Set de 3 dies \u00ab\u00a0Bordures 4, 5, 6\u00a0\u00bb &#8211; Collection Dans ma bulle.<\/h2>\n\t<span class=\"price\"><span class=\"woocommerce-Price-amount amount\"><bdi>13.00<span class=\"woocommerce-Price-currencySymbol\">&euro;<\/span><\/bdi><\/span> <small class=\"woocommerce-price-suffix\">TTC<\/small><\/span>\n<\/a><a href=\"https:\/\/www.marielngeffray.com\/index.php\/produit\/set-de-3-dies-bordures-4-5-6-collection-dans-ma-bulle\/\" aria-describedby=\"woocommerce_loop_add_to_cart_link_describedby_50773\" data-quantity=\"1\" class=\"button product_type_simple\" data-product_id=\"50773\" data-product_sku=\"\" aria-label=\"En savoir plus sur &ldquo;Set de 3 dies &quot;Bordures 4, 5, 6&quot; - Collection Dans ma bulle.&rdquo;\" rel=\"nofollow\" data-success_message=\"\">Lire la suite<\/a>\t<span id=\"woocommerce_loop_add_to_cart_link_describedby_50773\" class=\"screen-reader-text\">\n\t\t\t<\/span>\n<\/li>\n<li class=\"product type-product post-50769 status-publish first outofstock product_cat-collection-dans-ma-bulle product_cat-dies has-post-thumbnail taxable shipping-taxable purchasable product-type-simple\">\n\t<a href=\"https:\/\/www.marielngeffray.com\/index.php\/produit\/set-de-3-dies-ligne-art-petit-coeur-collection-dans-ma-bulle\/\" class=\"woocommerce-LoopProduct-link woocommerce-loop-product__link\"><img loading=\"lazy\" decoding=\"async\" width=\"300\" height=\"300\" src=\"https:\/\/www.marielngeffray.com\/wp-content\/uploads\/2024\/12\/Collection-dans-ma-bulle-DI175-nouv-300x300.jpg\" class=\"attachment-woocommerce_thumbnail size-woocommerce_thumbnail\" alt=\"Set de 3 dies &quot;Ligne art - Petit c\u0153ur&quot; - Collection Dans ma bulle.\" srcset=\"https:\/\/www.marielngeffray.com\/wp-content\/uploads\/2024\/12\/Collection-dans-ma-bulle-DI175-nouv-300x300.jpg 300w, https:\/\/www.marielngeffray.com\/wp-content\/uploads\/2024\/12\/Collection-dans-ma-bulle-DI175-nouv-150x150.jpg 150w, https:\/\/www.marielngeffray.com\/wp-content\/uploads\/2024\/12\/Collection-dans-ma-bulle-DI175-nouv-768x768.jpg 768w, https:\/\/www.marielngeffray.com\/wp-content\/uploads\/2024\/12\/Collection-dans-ma-bulle-DI175-nouv-600x600.jpg 600w, https:\/\/www.marielngeffray.com\/wp-content\/uploads\/2024\/12\/Collection-dans-ma-bulle-DI175-nouv-100x100.jpg 100w, https:\/\/www.marielngeffray.com\/wp-content\/uploads\/2024\/12\/Collection-dans-ma-bulle-DI175-nouv.jpg 794w\" sizes=\"(max-width: 300px) 100vw, 300px\" \/><h2 class=\"woocommerce-loop-product__title\">Set de 3 dies \u00ab\u00a0Ligne art &#8211; Petit c\u0153ur\u00a0\u00bb &#8211; Collection Dans ma bulle.<\/h2>\n\t<span class=\"price\"><span class=\"woocommerce-Price-amount amount\"><bdi>13.00<span class=\"woocommerce-Price-currencySymbol\">&euro;<\/span><\/bdi><\/span> <small class=\"woocommerce-price-suffix\">TTC<\/small><\/span>\n<\/a><a href=\"https:\/\/www.marielngeffray.com\/index.php\/produit\/set-de-3-dies-ligne-art-petit-coeur-collection-dans-ma-bulle\/\" aria-describedby=\"woocommerce_loop_add_to_cart_link_describedby_50769\" data-quantity=\"1\" class=\"button product_type_simple\" data-product_id=\"50769\" data-product_sku=\"\" aria-label=\"En savoir plus sur &ldquo;Set de 3 dies &quot;Ligne art - Petit c\u0153ur&quot; - Collection Dans ma bulle.&rdquo;\" rel=\"nofollow\" data-success_message=\"\">Lire la suite<\/a>\t<span id=\"woocommerce_loop_add_to_cart_link_describedby_50769\" class=\"screen-reader-text\">\n\t\t\t<\/span>\n<\/li>\n<li class=\"product type-product post-50770 status-publish instock product_cat-collection-dans-ma-bulle product_cat-dies has-post-thumbnail taxable shipping-taxable purchasable product-type-simple\">\n\t<a href=\"https:\/\/www.marielngeffray.com\/index.php\/produit\/set-de-3-dies-ligne-art-ziguiguis-collection-dans-ma-bulle\/\" class=\"woocommerce-LoopProduct-link woocommerce-loop-product__link\"><img loading=\"lazy\" decoding=\"async\" width=\"300\" height=\"300\" src=\"https:\/\/www.marielngeffray.com\/wp-content\/uploads\/2024\/12\/Collection-dans-ma-bulle-DI176-nouv-300x300.jpg\" class=\"attachment-woocommerce_thumbnail size-woocommerce_thumbnail\" alt=\"Set de 3 dies &quot;Ligne art - Ziguiguis&quot; - Collection Dans ma bulle.\" srcset=\"https:\/\/www.marielngeffray.com\/wp-content\/uploads\/2024\/12\/Collection-dans-ma-bulle-DI176-nouv-300x300.jpg 300w, https:\/\/www.marielngeffray.com\/wp-content\/uploads\/2024\/12\/Collection-dans-ma-bulle-DI176-nouv-150x150.jpg 150w, https:\/\/www.marielngeffray.com\/wp-content\/uploads\/2024\/12\/Collection-dans-ma-bulle-DI176-nouv-768x768.jpg 768w, https:\/\/www.marielngeffray.com\/wp-content\/uploads\/2024\/12\/Collection-dans-ma-bulle-DI176-nouv-600x600.jpg 600w, https:\/\/www.marielngeffray.com\/wp-content\/uploads\/2024\/12\/Collection-dans-ma-bulle-DI176-nouv-100x100.jpg 100w, https:\/\/www.marielngeffray.com\/wp-content\/uploads\/2024\/12\/Collection-dans-ma-bulle-DI176-nouv.jpg 794w\" sizes=\"(max-width: 300px) 100vw, 300px\" \/><h2 class=\"woocommerce-loop-product__title\">Set de 3 dies \u00ab\u00a0Ligne art &#8211; Ziguiguis\u00a0\u00bb &#8211; Collection Dans ma bulle.<\/h2>\n\t<span class=\"price\"><span class=\"woocommerce-Price-amount amount\"><bdi>13.00<span class=\"woocommerce-Price-currencySymbol\">&euro;<\/span><\/bdi><\/span> <small class=\"woocommerce-price-suffix\">TTC<\/small><\/span>\n<\/a><a href=\"\/index.php\/wp-json\/wp\/v2\/pages\/50790?add-to-cart=50770\" aria-describedby=\"woocommerce_loop_add_to_cart_link_describedby_50770\" data-quantity=\"1\" class=\"button product_type_simple add_to_cart_button ajax_add_to_cart\" data-product_id=\"50770\" data-product_sku=\"\" aria-label=\"Ajouter au panier\u00a0: &ldquo;Set de 3 dies &quot;Ligne art - Ziguiguis&quot; - Collection Dans ma bulle.&rdquo;\" rel=\"nofollow\" data-success_message=\"\u00ab\u00a0Set de 3 dies &quot;Ligne art - Ziguiguis&quot; - Collection Dans ma bulle.\u00a0\u00bb a \u00e9t\u00e9 ajout\u00e9 \u00e0 votre panier\" role=\"button\">Ajouter au panier<\/a>\t<span id=\"woocommerce_loop_add_to_cart_link_describedby_50770\" class=\"screen-reader-text\">\n\t\t\t<\/span>\n<\/li>\n<li class=\"product type-product post-50776 status-publish instock product_cat-collection-dans-ma-bulle product_cat-etiquettes-a-decouper has-post-thumbnail taxable shipping-taxable purchasable product-type-simple\">\n\t<a href=\"https:\/\/www.marielngeffray.com\/index.php\/produit\/set-de-4-mini-planches-monochromes-detiquettes-a-decouper-dans-ma-bulle\/\" class=\"woocommerce-LoopProduct-link woocommerce-loop-product__link\"><img loading=\"lazy\" decoding=\"async\" width=\"300\" height=\"300\" src=\"https:\/\/www.marielngeffray.com\/wp-content\/uploads\/2024\/12\/Collection-dans-ma-bulle-Etiquettes-monochromes-a-decouper-nouv-300x300.jpg\" class=\"attachment-woocommerce_thumbnail size-woocommerce_thumbnail\" alt=\"Set de 4 mini planches monochromes d\u2019\u00e9tiquettes \u00e0 d\u00e9couper \u00ab Dans ma bulle \u00bb\" srcset=\"https:\/\/www.marielngeffray.com\/wp-content\/uploads\/2024\/12\/Collection-dans-ma-bulle-Etiquettes-monochromes-a-decouper-nouv-300x300.jpg 300w, https:\/\/www.marielngeffray.com\/wp-content\/uploads\/2024\/12\/Collection-dans-ma-bulle-Etiquettes-monochromes-a-decouper-nouv-150x150.jpg 150w, https:\/\/www.marielngeffray.com\/wp-content\/uploads\/2024\/12\/Collection-dans-ma-bulle-Etiquettes-monochromes-a-decouper-nouv-768x768.jpg 768w, https:\/\/www.marielngeffray.com\/wp-content\/uploads\/2024\/12\/Collection-dans-ma-bulle-Etiquettes-monochromes-a-decouper-nouv-600x600.jpg 600w, https:\/\/www.marielngeffray.com\/wp-content\/uploads\/2024\/12\/Collection-dans-ma-bulle-Etiquettes-monochromes-a-decouper-nouv-100x100.jpg 100w, https:\/\/www.marielngeffray.com\/wp-content\/uploads\/2024\/12\/Collection-dans-ma-bulle-Etiquettes-monochromes-a-decouper-nouv.jpg 794w\" sizes=\"(max-width: 300px) 100vw, 300px\" \/><h2 class=\"woocommerce-loop-product__title\">Set de 4 mini planches monochromes d\u2019\u00e9tiquettes \u00e0 d\u00e9couper \u00ab Dans ma bulle \u00bb<\/h2>\n\t<span class=\"price\"><span class=\"woocommerce-Price-amount amount\"><bdi>3.00<span class=\"woocommerce-Price-currencySymbol\">&euro;<\/span><\/bdi><\/span> <small class=\"woocommerce-price-suffix\">TTC<\/small><\/span>\n<\/a><a href=\"\/index.php\/wp-json\/wp\/v2\/pages\/50790?add-to-cart=50776\" aria-describedby=\"woocommerce_loop_add_to_cart_link_describedby_50776\" data-quantity=\"1\" class=\"button product_type_simple add_to_cart_button ajax_add_to_cart\" data-product_id=\"50776\" data-product_sku=\"\" aria-label=\"Ajouter au panier\u00a0: &ldquo;Set de 4 mini planches monochromes d\u2019\u00e9tiquettes \u00e0 d\u00e9couper \u00ab Dans ma bulle \u00bb&rdquo;\" rel=\"nofollow\" data-success_message=\"\u00ab\u00a0Set de 4 mini planches monochromes d\u2019\u00e9tiquettes \u00e0 d\u00e9couper \u00ab Dans ma bulle \u00bb\u00a0\u00bb a \u00e9t\u00e9 ajout\u00e9 \u00e0 votre panier\" role=\"button\">Ajouter au panier<\/a>\t<span id=\"woocommerce_loop_add_to_cart_link_describedby_50776\" class=\"screen-reader-text\">\n\t\t\t<\/span>\n<\/li>\n<li class=\"product type-product post-50767 status-publish last outofstock product_cat-collection-dans-ma-bulle product_cat-dies has-post-thumbnail taxable shipping-taxable purchasable product-type-simple\">\n\t<a href=\"https:\/\/www.marielngeffray.com\/index.php\/produit\/set-de-5-dies-trombones-et-cie-collection-dans-ma-bulle\/\" class=\"woocommerce-LoopProduct-link woocommerce-loop-product__link\"><img loading=\"lazy\" decoding=\"async\" width=\"300\" height=\"300\" src=\"https:\/\/www.marielngeffray.com\/wp-content\/uploads\/2024\/12\/Collection-dans-ma-bulle-DI173-nouv-300x300.jpg\" class=\"attachment-woocommerce_thumbnail size-woocommerce_thumbnail\" alt=\"Set de 5 dies &quot;Trombones et cie&quot; - Collection Dans ma bulle.\" srcset=\"https:\/\/www.marielngeffray.com\/wp-content\/uploads\/2024\/12\/Collection-dans-ma-bulle-DI173-nouv-300x300.jpg 300w, https:\/\/www.marielngeffray.com\/wp-content\/uploads\/2024\/12\/Collection-dans-ma-bulle-DI173-nouv-150x150.jpg 150w, https:\/\/www.marielngeffray.com\/wp-content\/uploads\/2024\/12\/Collection-dans-ma-bulle-DI173-nouv-768x768.jpg 768w, https:\/\/www.marielngeffray.com\/wp-content\/uploads\/2024\/12\/Collection-dans-ma-bulle-DI173-nouv-600x600.jpg 600w, https:\/\/www.marielngeffray.com\/wp-content\/uploads\/2024\/12\/Collection-dans-ma-bulle-DI173-nouv-100x100.jpg 100w, https:\/\/www.marielngeffray.com\/wp-content\/uploads\/2024\/12\/Collection-dans-ma-bulle-DI173-nouv.jpg 794w\" sizes=\"(max-width: 300px) 100vw, 300px\" \/><h2 class=\"woocommerce-loop-product__title\">Set de 5 dies \u00ab\u00a0Trombones et cie\u00a0\u00bb &#8211; Collection Dans ma bulle.<\/h2>\n\t<span class=\"price\"><span class=\"woocommerce-Price-amount amount\"><bdi>13.00<span class=\"woocommerce-Price-currencySymbol\">&euro;<\/span><\/bdi><\/span> <small class=\"woocommerce-price-suffix\">TTC<\/small><\/span>\n<\/a><a href=\"https:\/\/www.marielngeffray.com\/index.php\/produit\/set-de-5-dies-trombones-et-cie-collection-dans-ma-bulle\/\" aria-describedby=\"woocommerce_loop_add_to_cart_link_describedby_50767\" data-quantity=\"1\" class=\"button product_type_simple\" data-product_id=\"50767\" data-product_sku=\"\" aria-label=\"En savoir plus sur &ldquo;Set de 5 dies &quot;Trombones et cie&quot; - Collection Dans ma bulle.&rdquo;\" rel=\"nofollow\" data-success_message=\"\">Lire la suite<\/a>\t<span id=\"woocommerce_loop_add_to_cart_link_describedby_50767\" class=\"screen-reader-text\">\n\t\t\t<\/span>\n<\/li>\n<li class=\"product type-product post-50771 status-publish first instock product_cat-collection-dans-ma-bulle product_cat-dies has-post-thumbnail taxable shipping-taxable purchasable product-type-simple\">\n\t<a href=\"https:\/\/www.marielngeffray.com\/index.php\/produit\/set-de-8-dies-buller-collection-dans-ma-bulle\/\" class=\"woocommerce-LoopProduct-link woocommerce-loop-product__link\"><img loading=\"lazy\" decoding=\"async\" width=\"300\" height=\"300\" src=\"https:\/\/www.marielngeffray.com\/wp-content\/uploads\/2024\/12\/Collection-dans-ma-bulle-DI177-nouv-300x300.jpg\" class=\"attachment-woocommerce_thumbnail size-woocommerce_thumbnail\" alt=\"Set de 8 dies &quot;Buller&quot; - Collection Dans ma bulle.\" srcset=\"https:\/\/www.marielngeffray.com\/wp-content\/uploads\/2024\/12\/Collection-dans-ma-bulle-DI177-nouv-300x300.jpg 300w, https:\/\/www.marielngeffray.com\/wp-content\/uploads\/2024\/12\/Collection-dans-ma-bulle-DI177-nouv-150x150.jpg 150w, https:\/\/www.marielngeffray.com\/wp-content\/uploads\/2024\/12\/Collection-dans-ma-bulle-DI177-nouv-768x768.jpg 768w, https:\/\/www.marielngeffray.com\/wp-content\/uploads\/2024\/12\/Collection-dans-ma-bulle-DI177-nouv-600x600.jpg 600w, https:\/\/www.marielngeffray.com\/wp-content\/uploads\/2024\/12\/Collection-dans-ma-bulle-DI177-nouv-100x100.jpg 100w, https:\/\/www.marielngeffray.com\/wp-content\/uploads\/2024\/12\/Collection-dans-ma-bulle-DI177-nouv.jpg 794w\" sizes=\"(max-width: 300px) 100vw, 300px\" \/><h2 class=\"woocommerce-loop-product__title\">Set de 8 dies \u00ab\u00a0Buller\u00a0\u00bb &#8211; Collection Dans ma bulle.<\/h2>\n\t<span class=\"price\"><span class=\"woocommerce-Price-amount amount\"><bdi>13.00<span class=\"woocommerce-Price-currencySymbol\">&euro;<\/span><\/bdi><\/span> <small class=\"woocommerce-price-suffix\">TTC<\/small><\/span>\n<\/a><a href=\"\/index.php\/wp-json\/wp\/v2\/pages\/50790?add-to-cart=50771\" aria-describedby=\"woocommerce_loop_add_to_cart_link_describedby_50771\" data-quantity=\"1\" class=\"button product_type_simple add_to_cart_button ajax_add_to_cart\" data-product_id=\"50771\" data-product_sku=\"\" aria-label=\"Ajouter au panier\u00a0: &ldquo;Set de 8 dies &quot;Buller&quot; - Collection Dans ma bulle.&rdquo;\" rel=\"nofollow\" data-success_message=\"\u00ab\u00a0Set de 8 dies &quot;Buller&quot; - Collection Dans ma bulle.\u00a0\u00bb a \u00e9t\u00e9 ajout\u00e9 \u00e0 votre panier\" role=\"button\">Ajouter au panier<\/a>\t<span id=\"woocommerce_loop_add_to_cart_link_describedby_50771\" class=\"screen-reader-text\">\n\t\t\t<\/span>\n<\/li>\n<li class=\"product type-product post-50785 status-publish instock product_cat-collection-dans-ma-bulle product_cat-stickers has-post-thumbnail taxable shipping-taxable purchasable product-type-simple\">\n\t<a href=\"https:\/\/www.marielngeffray.com\/index.php\/produit\/sticker-en-relief-dans-ma-bulle-alphabet-5-couleurs-st12\/\" class=\"woocommerce-LoopProduct-link woocommerce-loop-product__link\"><img loading=\"lazy\" decoding=\"async\" width=\"300\" height=\"300\" src=\"https:\/\/www.marielngeffray.com\/wp-content\/uploads\/2024\/12\/dans-ma-bulle-puffy-alpha-04-300x300.jpg\" class=\"attachment-woocommerce_thumbnail size-woocommerce_thumbnail\" alt=\"Sticker en relief \u00ab Dans ma bulle \u00bb \u2013 Alphabet 5 couleurs ST12\" srcset=\"https:\/\/www.marielngeffray.com\/wp-content\/uploads\/2024\/12\/dans-ma-bulle-puffy-alpha-04-300x300.jpg 300w, https:\/\/www.marielngeffray.com\/wp-content\/uploads\/2024\/12\/dans-ma-bulle-puffy-alpha-04-150x150.jpg 150w, https:\/\/www.marielngeffray.com\/wp-content\/uploads\/2024\/12\/dans-ma-bulle-puffy-alpha-04-100x100.jpg 100w, https:\/\/www.marielngeffray.com\/wp-content\/uploads\/2024\/12\/dans-ma-bulle-puffy-alpha-04.jpg 500w\" sizes=\"(max-width: 300px) 100vw, 300px\" \/><h2 class=\"woocommerce-loop-product__title\">Sticker en relief \u00ab Dans ma bulle \u00bb \u2013 Alphabet 5 couleurs ST12<\/h2>\n\t<span class=\"price\"><span class=\"woocommerce-Price-amount amount\"><bdi>14.00<span class=\"woocommerce-Price-currencySymbol\">&euro;<\/span><\/bdi><\/span> <small class=\"woocommerce-price-suffix\">TTC<\/small><\/span>\n<\/a><a href=\"\/index.php\/wp-json\/wp\/v2\/pages\/50790?add-to-cart=50785\" aria-describedby=\"woocommerce_loop_add_to_cart_link_describedby_50785\" data-quantity=\"1\" class=\"button product_type_simple add_to_cart_button ajax_add_to_cart\" data-product_id=\"50785\" data-product_sku=\"\" aria-label=\"Ajouter au panier\u00a0: &ldquo;Sticker en relief \u00ab Dans ma bulle \u00bb \u2013 Alphabet 5 couleurs ST12&rdquo;\" rel=\"nofollow\" data-success_message=\"\u00ab\u00a0Sticker en relief \u00ab Dans ma bulle \u00bb \u2013 Alphabet 5 couleurs ST12\u00a0\u00bb a \u00e9t\u00e9 ajout\u00e9 \u00e0 votre panier\" role=\"button\">Ajouter au panier<\/a>\t<span id=\"woocommerce_loop_add_to_cart_link_describedby_50785\" class=\"screen-reader-text\">\n\t\t\t<\/span>\n<\/li>\n<li class=\"product type-product post-50786 status-publish instock product_cat-collection-dans-ma-bulle product_cat-stickers has-post-thumbnail taxable shipping-taxable purchasable product-type-simple\">\n\t<a href=\"https:\/\/www.marielngeffray.com\/index.php\/produit\/sticker-en-relief-dans-ma-bulle-embellissements-puffy-st13\/\" class=\"woocommerce-LoopProduct-link woocommerce-loop-product__link\"><img loading=\"lazy\" decoding=\"async\" width=\"300\" height=\"300\" src=\"https:\/\/www.marielngeffray.com\/wp-content\/uploads\/2024\/12\/dans-ma-bulle-puffy-emb-05-300x300.jpg\" class=\"attachment-woocommerce_thumbnail size-woocommerce_thumbnail\" alt=\"Sticker en relief \u00ab Dans ma bulle \u00bb \u2013 Embellissements puffy ST13\" srcset=\"https:\/\/www.marielngeffray.com\/wp-content\/uploads\/2024\/12\/dans-ma-bulle-puffy-emb-05-300x300.jpg 300w, https:\/\/www.marielngeffray.com\/wp-content\/uploads\/2024\/12\/dans-ma-bulle-puffy-emb-05-150x150.jpg 150w, https:\/\/www.marielngeffray.com\/wp-content\/uploads\/2024\/12\/dans-ma-bulle-puffy-emb-05-100x100.jpg 100w, https:\/\/www.marielngeffray.com\/wp-content\/uploads\/2024\/12\/dans-ma-bulle-puffy-emb-05.jpg 500w\" sizes=\"(max-width: 300px) 100vw, 300px\" \/><h2 class=\"woocommerce-loop-product__title\">Sticker en relief \u00ab Dans ma bulle \u00bb \u2013 Embellissements puffy ST13<\/h2>\n\t<span class=\"price\"><span class=\"woocommerce-Price-amount amount\"><bdi>14.00<span class=\"woocommerce-Price-currencySymbol\">&euro;<\/span><\/bdi><\/span> <small class=\"woocommerce-price-suffix\">TTC<\/small><\/span>\n<\/a><a href=\"\/index.php\/wp-json\/wp\/v2\/pages\/50790?add-to-cart=50786\" aria-describedby=\"woocommerce_loop_add_to_cart_link_describedby_50786\" data-quantity=\"1\" class=\"button product_type_simple add_to_cart_button ajax_add_to_cart\" data-product_id=\"50786\" data-product_sku=\"\" aria-label=\"Ajouter au panier\u00a0: &ldquo;Sticker en relief \u00ab Dans ma bulle \u00bb \u2013 Embellissements puffy ST13&rdquo;\" rel=\"nofollow\" data-success_message=\"\u00ab\u00a0Sticker en relief \u00ab Dans ma bulle \u00bb \u2013 Embellissements puffy ST13\u00a0\u00bb a \u00e9t\u00e9 ajout\u00e9 \u00e0 votre panier\" role=\"button\">Ajouter au panier<\/a>\t<span id=\"woocommerce_loop_add_to_cart_link_describedby_50786\" class=\"screen-reader-text\">\n\t\t\t<\/span>\n<\/li>\n<li class=\"product type-product post-51018 status-publish last instock product_cat-collection-dans-ma-bulle product_cat-collection-mer-nature product_cat-stickers has-post-thumbnail taxable shipping-taxable purchasable product-type-simple\">\n\t<a href=\"https:\/\/www.marielngeffray.com\/index.php\/produit\/sticker-en-relief-primaires-embellissements-puffy-st14\/\" class=\"woocommerce-LoopProduct-link woocommerce-loop-product__link\"><img loading=\"lazy\" decoding=\"async\" width=\"300\" height=\"300\" src=\"https:\/\/www.marielngeffray.com\/wp-content\/uploads\/2025\/04\/puffy-primaires-01-300x300.jpg\" class=\"attachment-woocommerce_thumbnail size-woocommerce_thumbnail\" alt=\"Sticker en relief \u00ab Primaires \u00bb \u2013 Embellissements puffy ST14\" srcset=\"https:\/\/www.marielngeffray.com\/wp-content\/uploads\/2025\/04\/puffy-primaires-01-300x300.jpg 300w, https:\/\/www.marielngeffray.com\/wp-content\/uploads\/2025\/04\/puffy-primaires-01-150x150.jpg 150w, https:\/\/www.marielngeffray.com\/wp-content\/uploads\/2025\/04\/puffy-primaires-01-100x100.jpg 100w, https:\/\/www.marielngeffray.com\/wp-content\/uploads\/2025\/04\/puffy-primaires-01.jpg 500w\" sizes=\"(max-width: 300px) 100vw, 300px\" \/><h2 class=\"woocommerce-loop-product__title\">Sticker en relief \u00ab Primaires \u00bb \u2013 Embellissements puffy ST14<\/h2>\n\t<span class=\"price\"><span class=\"woocommerce-Price-amount amount\"><bdi>14.00<span class=\"woocommerce-Price-currencySymbol\">&euro;<\/span><\/bdi><\/span> <small class=\"woocommerce-price-suffix\">TTC<\/small><\/span>\n<\/a><a href=\"\/index.php\/wp-json\/wp\/v2\/pages\/50790?add-to-cart=51018\" aria-describedby=\"woocommerce_loop_add_to_cart_link_describedby_51018\" data-quantity=\"1\" class=\"button product_type_simple add_to_cart_button ajax_add_to_cart\" data-product_id=\"51018\" data-product_sku=\"\" aria-label=\"Ajouter au panier\u00a0: &ldquo;Sticker en relief \u00ab Primaires \u00bb \u2013 Embellissements puffy ST14&rdquo;\" rel=\"nofollow\" data-success_message=\"\u00ab\u00a0Sticker en relief \u00ab Primaires \u00bb \u2013 Embellissements puffy ST14\u00a0\u00bb a \u00e9t\u00e9 ajout\u00e9 \u00e0 votre panier\" role=\"button\">Ajouter au panier<\/a>\t<span id=\"woocommerce_loop_add_to_cart_link_describedby_51018\" class=\"screen-reader-text\">\n\t\t\t<\/span>\n<\/li>\n<li class=\"product type-product post-50784 status-publish first instock product_cat-collection-dans-ma-bulle product_cat-tampons has-post-thumbnail taxable shipping-taxable purchasable product-type-simple\">\n\t<a href=\"https:\/\/www.marielngeffray.com\/index.php\/produit\/tampons-dans-ma-bulle-de-bonheur-ta123\/\" class=\"woocommerce-LoopProduct-link woocommerce-loop-product__link\"><img loading=\"lazy\" decoding=\"async\" width=\"300\" height=\"300\" src=\"https:\/\/www.marielngeffray.com\/wp-content\/uploads\/2024\/12\/Collection-dans-ma-bulle-TA123-nouv-300x300.jpg\" class=\"attachment-woocommerce_thumbnail size-woocommerce_thumbnail\" alt=\"Tampons \u00ab Dans ma bulle \u00bb \u2013 ... de bonheur \u2013 TA123.\" srcset=\"https:\/\/www.marielngeffray.com\/wp-content\/uploads\/2024\/12\/Collection-dans-ma-bulle-TA123-nouv-300x300.jpg 300w, https:\/\/www.marielngeffray.com\/wp-content\/uploads\/2024\/12\/Collection-dans-ma-bulle-TA123-nouv-150x150.jpg 150w, https:\/\/www.marielngeffray.com\/wp-content\/uploads\/2024\/12\/Collection-dans-ma-bulle-TA123-nouv-768x768.jpg 768w, https:\/\/www.marielngeffray.com\/wp-content\/uploads\/2024\/12\/Collection-dans-ma-bulle-TA123-nouv-600x600.jpg 600w, https:\/\/www.marielngeffray.com\/wp-content\/uploads\/2024\/12\/Collection-dans-ma-bulle-TA123-nouv-100x100.jpg 100w, https:\/\/www.marielngeffray.com\/wp-content\/uploads\/2024\/12\/Collection-dans-ma-bulle-TA123-nouv.jpg 794w\" sizes=\"(max-width: 300px) 100vw, 300px\" \/><h2 class=\"woocommerce-loop-product__title\">Tampons \u00ab Dans ma bulle \u00bb \u2013 &#8230; de bonheur \u2013 TA123.<\/h2>\n\t<span class=\"price\"><span class=\"woocommerce-Price-amount amount\"><bdi>14.00<span class=\"woocommerce-Price-currencySymbol\">&euro;<\/span><\/bdi><\/span> <small class=\"woocommerce-price-suffix\">TTC<\/small><\/span>\n<\/a><a href=\"\/index.php\/wp-json\/wp\/v2\/pages\/50790?add-to-cart=50784\" aria-describedby=\"woocommerce_loop_add_to_cart_link_describedby_50784\" data-quantity=\"1\" class=\"button product_type_simple add_to_cart_button ajax_add_to_cart\" data-product_id=\"50784\" data-product_sku=\"\" aria-label=\"Ajouter au panier\u00a0: &ldquo;Tampons \u00ab Dans ma bulle \u00bb \u2013 ... de bonheur \u2013 TA123.&rdquo;\" rel=\"nofollow\" data-success_message=\"\u00ab\u00a0Tampons \u00ab Dans ma bulle \u00bb \u2013 ... de bonheur \u2013 TA123.\u00a0\u00bb a \u00e9t\u00e9 ajout\u00e9 \u00e0 votre panier\" role=\"button\">Ajouter au panier<\/a>\t<span id=\"woocommerce_loop_add_to_cart_link_describedby_50784\" class=\"screen-reader-text\">\n\t\t\t<\/span>\n<\/li>\n<li class=\"product type-product post-50782 status-publish instock product_cat-collection-dans-ma-bulle product_cat-tampons has-post-thumbnail taxable shipping-taxable purchasable product-type-simple\">\n\t<a href=\"https:\/\/www.marielngeffray.com\/index.php\/produit\/tampons-dans-ma-bulle-de-colorisation-ta121\/\" class=\"woocommerce-LoopProduct-link woocommerce-loop-product__link\"><img loading=\"lazy\" decoding=\"async\" width=\"300\" height=\"300\" src=\"https:\/\/www.marielngeffray.com\/wp-content\/uploads\/2024\/12\/Collection-dans-ma-bulle-TA121-nouv-300x300.jpg\" class=\"attachment-woocommerce_thumbnail size-woocommerce_thumbnail\" alt=\"Tampons \u00ab Dans ma bulle \u00bb \u2013 ... de colorisation \u2013 TA121.\" srcset=\"https:\/\/www.marielngeffray.com\/wp-content\/uploads\/2024\/12\/Collection-dans-ma-bulle-TA121-nouv-300x300.jpg 300w, https:\/\/www.marielngeffray.com\/wp-content\/uploads\/2024\/12\/Collection-dans-ma-bulle-TA121-nouv-150x150.jpg 150w, https:\/\/www.marielngeffray.com\/wp-content\/uploads\/2024\/12\/Collection-dans-ma-bulle-TA121-nouv-768x768.jpg 768w, https:\/\/www.marielngeffray.com\/wp-content\/uploads\/2024\/12\/Collection-dans-ma-bulle-TA121-nouv-600x600.jpg 600w, https:\/\/www.marielngeffray.com\/wp-content\/uploads\/2024\/12\/Collection-dans-ma-bulle-TA121-nouv-100x100.jpg 100w, https:\/\/www.marielngeffray.com\/wp-content\/uploads\/2024\/12\/Collection-dans-ma-bulle-TA121-nouv.jpg 794w\" sizes=\"(max-width: 300px) 100vw, 300px\" \/><h2 class=\"woocommerce-loop-product__title\">Tampons \u00ab Dans ma bulle \u00bb \u2013 &#8230; de colorisation \u2013 TA121.<\/h2>\n\t<span class=\"price\"><span class=\"woocommerce-Price-amount amount\"><bdi>14.00<span class=\"woocommerce-Price-currencySymbol\">&euro;<\/span><\/bdi><\/span> <small class=\"woocommerce-price-suffix\">TTC<\/small><\/span>\n<\/a><a href=\"\/index.php\/wp-json\/wp\/v2\/pages\/50790?add-to-cart=50782\" aria-describedby=\"woocommerce_loop_add_to_cart_link_describedby_50782\" data-quantity=\"1\" class=\"button product_type_simple add_to_cart_button ajax_add_to_cart\" data-product_id=\"50782\" data-product_sku=\"\" aria-label=\"Ajouter au panier\u00a0: &ldquo;Tampons \u00ab Dans ma bulle \u00bb \u2013 ... de colorisation \u2013 TA121.&rdquo;\" rel=\"nofollow\" data-success_message=\"\u00ab\u00a0Tampons \u00ab Dans ma bulle \u00bb \u2013 ... de colorisation \u2013 TA121.\u00a0\u00bb a \u00e9t\u00e9 ajout\u00e9 \u00e0 votre panier\" role=\"button\">Ajouter au panier<\/a>\t<span id=\"woocommerce_loop_add_to_cart_link_describedby_50782\" class=\"screen-reader-text\">\n\t\t\t<\/span>\n<\/li>\n<li class=\"product type-product post-50781 status-publish instock product_cat-collection-dans-ma-bulle product_cat-tampons has-post-thumbnail taxable shipping-taxable purchasable product-type-simple\">\n\t<a href=\"https:\/\/www.marielngeffray.com\/index.php\/produit\/tampons-dans-ma-bulle-de-creation-ta120\/\" class=\"woocommerce-LoopProduct-link woocommerce-loop-product__link\"><img loading=\"lazy\" decoding=\"async\" width=\"300\" height=\"300\" src=\"https:\/\/www.marielngeffray.com\/wp-content\/uploads\/2024\/12\/Collection-dans-ma-bulle-TA120-nouv-300x300.jpg\" class=\"attachment-woocommerce_thumbnail size-woocommerce_thumbnail\" alt=\"Tampons \u00ab Dans ma bulle \u00bb \u2013 ... de cr\u00e9ation \u2013 TA120.\" srcset=\"https:\/\/www.marielngeffray.com\/wp-content\/uploads\/2024\/12\/Collection-dans-ma-bulle-TA120-nouv-300x300.jpg 300w, https:\/\/www.marielngeffray.com\/wp-content\/uploads\/2024\/12\/Collection-dans-ma-bulle-TA120-nouv-150x150.jpg 150w, https:\/\/www.marielngeffray.com\/wp-content\/uploads\/2024\/12\/Collection-dans-ma-bulle-TA120-nouv-768x768.jpg 768w, https:\/\/www.marielngeffray.com\/wp-content\/uploads\/2024\/12\/Collection-dans-ma-bulle-TA120-nouv-600x600.jpg 600w, https:\/\/www.marielngeffray.com\/wp-content\/uploads\/2024\/12\/Collection-dans-ma-bulle-TA120-nouv-100x100.jpg 100w, https:\/\/www.marielngeffray.com\/wp-content\/uploads\/2024\/12\/Collection-dans-ma-bulle-TA120-nouv.jpg 794w\" sizes=\"(max-width: 300px) 100vw, 300px\" \/><h2 class=\"woocommerce-loop-product__title\">Tampons \u00ab Dans ma bulle \u00bb \u2013 &#8230; de cr\u00e9ation \u2013 TA120.<\/h2>\n\t<span class=\"price\"><span class=\"woocommerce-Price-amount amount\"><bdi>14.00<span class=\"woocommerce-Price-currencySymbol\">&euro;<\/span><\/bdi><\/span> <small class=\"woocommerce-price-suffix\">TTC<\/small><\/span>\n<\/a><a href=\"\/index.php\/wp-json\/wp\/v2\/pages\/50790?add-to-cart=50781\" aria-describedby=\"woocommerce_loop_add_to_cart_link_describedby_50781\" data-quantity=\"1\" class=\"button product_type_simple add_to_cart_button ajax_add_to_cart\" data-product_id=\"50781\" data-product_sku=\"\" aria-label=\"Ajouter au panier\u00a0: &ldquo;Tampons \u00ab Dans ma bulle \u00bb \u2013 ... de cr\u00e9ation \u2013 TA120.&rdquo;\" rel=\"nofollow\" data-success_message=\"\u00ab\u00a0Tampons \u00ab Dans ma bulle \u00bb \u2013 ... de cr\u00e9ation \u2013 TA120.\u00a0\u00bb a \u00e9t\u00e9 ajout\u00e9 \u00e0 votre panier\" role=\"button\">Ajouter au panier<\/a>\t<span id=\"woocommerce_loop_add_to_cart_link_describedby_50781\" class=\"screen-reader-text\">\n\t\t\t<\/span>\n<\/li>\n<li class=\"product type-product post-50783 status-publish last instock product_cat-collection-dans-ma-bulle product_cat-tampons has-post-thumbnail taxable shipping-taxable purchasable product-type-simple\">\n\t<a href=\"https:\/\/www.marielngeffray.com\/index.php\/produit\/tampons-dans-ma-bulle-de-douce-folie-ta122\/\" class=\"woocommerce-LoopProduct-link woocommerce-loop-product__link\"><img loading=\"lazy\" decoding=\"async\" width=\"300\" height=\"300\" src=\"https:\/\/www.marielngeffray.com\/wp-content\/uploads\/2024\/12\/Collection-dans-ma-bulle-TA122-nouv-300x300.jpg\" class=\"attachment-woocommerce_thumbnail size-woocommerce_thumbnail\" alt=\"Tampons \u00ab Dans ma bulle \u00bb \u2013 ... de douce folie \u2013 TA122.\" srcset=\"https:\/\/www.marielngeffray.com\/wp-content\/uploads\/2024\/12\/Collection-dans-ma-bulle-TA122-nouv-300x300.jpg 300w, https:\/\/www.marielngeffray.com\/wp-content\/uploads\/2024\/12\/Collection-dans-ma-bulle-TA122-nouv-150x150.jpg 150w, https:\/\/www.marielngeffray.com\/wp-content\/uploads\/2024\/12\/Collection-dans-ma-bulle-TA122-nouv-768x768.jpg 768w, https:\/\/www.marielngeffray.com\/wp-content\/uploads\/2024\/12\/Collection-dans-ma-bulle-TA122-nouv-600x600.jpg 600w, https:\/\/www.marielngeffray.com\/wp-content\/uploads\/2024\/12\/Collection-dans-ma-bulle-TA122-nouv-100x100.jpg 100w, https:\/\/www.marielngeffray.com\/wp-content\/uploads\/2024\/12\/Collection-dans-ma-bulle-TA122-nouv.jpg 794w\" sizes=\"(max-width: 300px) 100vw, 300px\" \/><h2 class=\"woocommerce-loop-product__title\">Tampons \u00ab Dans ma bulle \u00bb \u2013 &#8230; de douce folie \u2013 TA122.<\/h2>\n\t<span class=\"price\"><span class=\"woocommerce-Price-amount amount\"><bdi>14.00<span class=\"woocommerce-Price-currencySymbol\">&euro;<\/span><\/bdi><\/span> <small class=\"woocommerce-price-suffix\">TTC<\/small><\/span>\n<\/a><a href=\"\/index.php\/wp-json\/wp\/v2\/pages\/50790?add-to-cart=50783\" aria-describedby=\"woocommerce_loop_add_to_cart_link_describedby_50783\" data-quantity=\"1\" class=\"button product_type_simple add_to_cart_button ajax_add_to_cart\" data-product_id=\"50783\" data-product_sku=\"\" aria-label=\"Ajouter au panier\u00a0: &ldquo;Tampons \u00ab Dans ma bulle \u00bb \u2013 ... de douce folie \u2013 TA122.&rdquo;\" rel=\"nofollow\" data-success_message=\"\u00ab\u00a0Tampons \u00ab Dans ma bulle \u00bb \u2013 ... de douce folie \u2013 TA122.\u00a0\u00bb a \u00e9t\u00e9 ajout\u00e9 \u00e0 votre panier\" role=\"button\">Ajouter au panier<\/a>\t<span id=\"woocommerce_loop_add_to_cart_link_describedby_50783\" class=\"screen-reader-text\">\n\t\t\t<\/span>\n<\/li>\n<\/ul>\n<\/div><\/div>\n\t\t\t\t\t\t<\/div>\n\t\t\t\t<\/div>\n\t\t\t\t\t<\/div>\n\t\t<\/div>\n\t\t\t\t\t<\/div>\n\t\t<\/section>\n\t\t\t\t<section class=\"elementor-section elementor-top-section elementor-element elementor-element-3d75c2a5 elementor-section-boxed elementor-section-height-default elementor-section-height-default\" data-id=\"3d75c2a5\" data-element_type=\"section\" data-e-type=\"section\">\n\t\t\t\t\t\t<div class=\"elementor-container elementor-column-gap-default\">\n\t\t\t\t\t<div class=\"elementor-column elementor-col-25 elementor-top-column elementor-element elementor-element-7dbd4712\" data-id=\"7dbd4712\" data-element_type=\"column\" data-e-type=\"column\" data-settings=\"{&quot;background_background&quot;:&quot;classic&quot;}\">\n\t\t\t<div class=\"elementor-widget-wrap elementor-element-populated\">\n\t\t\t\t\t\t<div class=\"elementor-element elementor-element-1d0a39ee elementor-widget elementor-widget-text-editor\" data-id=\"1d0a39ee\" data-element_type=\"widget\" data-e-type=\"widget\" data-widget_type=\"text-editor.default\">\n\t\t\t\t<div class=\"elementor-widget-container\">\n\t\t\t\t\t\t\t\t\t<p><strong>Informations<\/strong><\/p><p>Marie-H\u00e9l\u00e8ne GEFFRAY<\/p><p>5, all\u00e9e Jean Tinguely<\/p><p>27000 EVREUX.<\/p><p>Appelez-nous : 06 69 66 09 11<\/p>\t\t\t\t\t\t\t\t<\/div>\n\t\t\t\t<\/div>\n\t\t\t\t\t<\/div>\n\t\t<\/div>\n\t\t\t\t<div class=\"elementor-column elementor-col-25 elementor-top-column elementor-element elementor-element-60b5dbf0\" data-id=\"60b5dbf0\" data-element_type=\"column\" data-e-type=\"column\" data-settings=\"{&quot;background_background&quot;:&quot;classic&quot;}\">\n\t\t\t<div class=\"elementor-widget-wrap elementor-element-populated\">\n\t\t\t\t\t\t<div class=\"elementor-element elementor-element-4c62d409 elementor-widget elementor-widget-text-editor\" data-id=\"4c62d409\" data-element_type=\"widget\" data-e-type=\"widget\" data-widget_type=\"text-editor.default\">\n\t\t\t\t<div class=\"elementor-widget-container\">\n\t\t\t\t\t\t\t\t\t<p><strong>Notre Soci\u00e9t\u00e9<\/strong><\/p><p><a href=\"https:\/\/www.marielngeffray.com\/index.php\/politique-de-confidentialite\">Politique de confidentialit\u00e9<\/a><\/p><p><a href=\"https:\/\/www.marielngeffray.com\/index.php\/legal\" target=\"_blank\" rel=\"noopener\">Conditions G\u00e9n\u00e9rales De Vente<\/a><\/p><p><a href=\"https:\/\/www.marielngeffray.com\/index.php\/mentions-legales\">Mentions L\u00e9gales<\/a><\/p><p><a href=\"https:\/\/www.marielngeffray.com\/index.php\/livraison\/\">Livraison<\/a><\/p>\t\t\t\t\t\t\t\t<\/div>\n\t\t\t\t<\/div>\n\t\t\t\t\t<\/div>\n\t\t<\/div>\n\t\t\t\t<div class=\"elementor-column elementor-col-25 elementor-top-column elementor-element elementor-element-7b5b0a5e\" data-id=\"7b5b0a5e\" data-element_type=\"column\" data-e-type=\"column\" data-settings=\"{&quot;background_background&quot;:&quot;classic&quot;}\">\n\t\t\t<div class=\"elementor-widget-wrap elementor-element-populated\">\n\t\t\t\t\t\t<div class=\"elementor-element elementor-element-5073031b elementor-widget elementor-widget-text-editor\" data-id=\"5073031b\" data-element_type=\"widget\" data-e-type=\"widget\" data-widget_type=\"text-editor.default\">\n\t\t\t\t<div class=\"elementor-widget-container\">\n\t\t\t\t\t\t\t\t\t<p><strong>En savoir plus<\/strong><\/p><p><a href=\"https:\/\/www.marielngeffray.com\/index.php\/a-propos\/\" target=\"_blank\" rel=\"noopener\">A propos<\/a><\/p><p><a href=\"https:\/\/marielngeffray.blogspot.com\/\" target=\"_blank\" rel=\"noopener\">Le Blog<\/a><\/p><p><a href=\"https:\/\/www.marielngeffray.com\/index.php\/formulaire-de-contact\/\" target=\"_blank\" rel=\"noopener\">Formulaire de contact<\/a><\/p>\t\t\t\t\t\t\t\t<\/div>\n\t\t\t\t<\/div>\n\t\t\t\t\t<\/div>\n\t\t<\/div>\n\t\t\t\t<div class=\"elementor-column elementor-col-25 elementor-top-column elementor-element elementor-element-156f1be0\" data-id=\"156f1be0\" data-element_type=\"column\" data-e-type=\"column\" data-settings=\"{&quot;background_background&quot;:&quot;classic&quot;}\">\n\t\t\t<div class=\"elementor-widget-wrap elementor-element-populated\">\n\t\t\t\t\t\t<div class=\"elementor-element elementor-element-6d3a7dc5 elementor-widget elementor-widget-text-editor\" data-id=\"6d3a7dc5\" data-element_type=\"widget\" data-e-type=\"widget\" data-widget_type=\"text-editor.default\">\n\t\t\t\t<div class=\"elementor-widget-container\">\n\t\t\t\t\t\t\t\t\t<p><a href=\"https:\/\/www.marielngeffray.com\/index.php\/mon-compte\/\"><strong>Votre Compte<\/strong><\/a><\/p>\t\t\t\t\t\t\t\t<\/div>\n\t\t\t\t<\/div>\n\t\t\t\t\t<\/div>\n\t\t<\/div>\n\t\t\t\t\t<\/div>\n\t\t<\/section>\n\t\t\t\t<\/div>\n\t\t","protected":false},"excerpt":{"rendered":"<p>Collection \u00ab\u00a0Dans ma bulle\u00a0\u00bb Dans ma bulle, il y a de belles choses, de d\u00e9licieux moments, de pr\u00e9cieux instants d\u2019Amiti\u00e9&#8230;<\/p>\n","protected":false},"author":1,"featured_media":0,"parent":0,"menu_order":0,"comment_status":"closed","ping_status":"closed","template":"","meta":{"footnotes":""},"class_list":["post-50790","page","type-page","status-publish","hentry"],"yoast_head":"<!-- This site is optimized with the Yoast SEO plugin v27.5 - https:\/\/yoast.com\/product\/yoast-seo-wordpress\/ -->\n<title>Dans ma bulle -<\/title>\n<meta name=\"robots\" content=\"index, follow, max-snippet:-1, max-image-preview:large, max-video-preview:-1\" \/>\n<link rel=\"canonical\" href=\"https:\/\/www.marielngeffray.com\/index.php\/dans-ma-bulle\/\" \/>\n<meta property=\"og:locale\" content=\"fr_FR\" \/>\n<meta property=\"og:type\" content=\"article\" \/>\n<meta property=\"og:title\" content=\"Dans ma bulle -\" \/>\n<meta property=\"og:description\" content=\"Collection \u00ab\u00a0Dans ma bulle\u00a0\u00bb Dans ma bulle, il y a de belles choses, de d\u00e9licieux moments, de pr\u00e9cieux instants d\u2019Amiti\u00e9...\" \/>\n<meta property=\"og:url\" content=\"https:\/\/www.marielngeffray.com\/index.php\/dans-ma-bulle\/\" \/>\n<meta property=\"article:publisher\" content=\"https:\/\/www.facebook.com\/marielngeffray\" \/>\n<meta property=\"article:modified_time\" content=\"2024-12-19T09:17:10+00:00\" \/>\n<meta name=\"twitter:card\" content=\"summary_large_image\" \/>\n<meta name=\"twitter:label1\" content=\"Dur\u00e9e de lecture estim\u00e9e\" \/>\n\t<meta name=\"twitter:data1\" content=\"1 minute\" \/>\n<script type=\"application\/ld+json\" class=\"yoast-schema-graph\">{\"@context\":\"https:\\\/\\\/schema.org\",\"@graph\":[{\"@type\":\"WebPage\",\"@id\":\"https:\\\/\\\/www.marielngeffray.com\\\/index.php\\\/dans-ma-bulle\\\/\",\"url\":\"https:\\\/\\\/www.marielngeffray.com\\\/index.php\\\/dans-ma-bulle\\\/\",\"name\":\"Dans ma bulle -\",\"isPartOf\":{\"@id\":\"https:\\\/\\\/www.marielngeffray.com\\\/#website\"},\"datePublished\":\"2024-12-19T08:46:33+00:00\",\"dateModified\":\"2024-12-19T09:17:10+00:00\",\"breadcrumb\":{\"@id\":\"https:\\\/\\\/www.marielngeffray.com\\\/index.php\\\/dans-ma-bulle\\\/#breadcrumb\"},\"inLanguage\":\"fr-FR\",\"potentialAction\":[{\"@type\":\"ReadAction\",\"target\":[\"https:\\\/\\\/www.marielngeffray.com\\\/index.php\\\/dans-ma-bulle\\\/\"]}]},{\"@type\":\"BreadcrumbList\",\"@id\":\"https:\\\/\\\/www.marielngeffray.com\\\/index.php\\\/dans-ma-bulle\\\/#breadcrumb\",\"itemListElement\":[{\"@type\":\"ListItem\",\"position\":1,\"name\":\"Accueil\",\"item\":\"https:\\\/\\\/www.marielngeffray.com\\\/\"},{\"@type\":\"ListItem\",\"position\":2,\"name\":\"Dans ma bulle\"}]},{\"@type\":\"WebSite\",\"@id\":\"https:\\\/\\\/www.marielngeffray.com\\\/#website\",\"url\":\"https:\\\/\\\/www.marielngeffray.com\\\/\",\"name\":\"Marie-LN Geffray\",\"description\":\"\",\"publisher\":{\"@id\":\"https:\\\/\\\/www.marielngeffray.com\\\/#organization\"},\"potentialAction\":[{\"@type\":\"SearchAction\",\"target\":{\"@type\":\"EntryPoint\",\"urlTemplate\":\"https:\\\/\\\/www.marielngeffray.com\\\/?s={search_term_string}\"},\"query-input\":{\"@type\":\"PropertyValueSpecification\",\"valueRequired\":true,\"valueName\":\"search_term_string\"}}],\"inLanguage\":\"fr-FR\"},{\"@type\":\"Organization\",\"@id\":\"https:\\\/\\\/www.marielngeffray.com\\\/#organization\",\"name\":\"Marie-LN Geffray\",\"url\":\"https:\\\/\\\/www.marielngeffray.com\\\/\",\"logo\":{\"@type\":\"ImageObject\",\"inLanguage\":\"fr-FR\",\"@id\":\"https:\\\/\\\/www.marielngeffray.com\\\/#\\\/schema\\\/logo\\\/image\\\/\",\"url\":\"https:\\\/\\\/www.marielngeffray.com\\\/wp-content\\\/uploads\\\/2020\\\/06\\\/logo-signature.png\",\"contentUrl\":\"https:\\\/\\\/www.marielngeffray.com\\\/wp-content\\\/uploads\\\/2020\\\/06\\\/logo-signature.png\",\"width\":1091,\"height\":160,\"caption\":\"Marie-LN Geffray\"},\"image\":{\"@id\":\"https:\\\/\\\/www.marielngeffray.com\\\/#\\\/schema\\\/logo\\\/image\\\/\"},\"sameAs\":[\"https:\\\/\\\/www.facebook.com\\\/marielngeffray\",\"https:\\\/\\\/www.instagram.com\\\/marielngeffray\\\/\",\"https:\\\/\\\/www.youtube.com\\\/channel\\\/UCMTVmMDenytpISqEM-Awxcg\"]}]}<\/script>\n<!-- \/ Yoast SEO plugin. -->","yoast_head_json":{"title":"Dans ma bulle -","robots":{"index":"index","follow":"follow","max-snippet":"max-snippet:-1","max-image-preview":"max-image-preview:large","max-video-preview":"max-video-preview:-1"},"canonical":"https:\/\/www.marielngeffray.com\/index.php\/dans-ma-bulle\/","og_locale":"fr_FR","og_type":"article","og_title":"Dans ma bulle -","og_description":"Collection \u00ab\u00a0Dans ma bulle\u00a0\u00bb Dans ma bulle, il y a de belles choses, de d\u00e9licieux moments, de pr\u00e9cieux instants d\u2019Amiti\u00e9...","og_url":"https:\/\/www.marielngeffray.com\/index.php\/dans-ma-bulle\/","article_publisher":"https:\/\/www.facebook.com\/marielngeffray","article_modified_time":"2024-12-19T09:17:10+00:00","twitter_card":"summary_large_image","twitter_misc":{"Dur\u00e9e de lecture estim\u00e9e":"1 minute"},"schema":{"@context":"https:\/\/schema.org","@graph":[{"@type":"WebPage","@id":"https:\/\/www.marielngeffray.com\/index.php\/dans-ma-bulle\/","url":"https:\/\/www.marielngeffray.com\/index.php\/dans-ma-bulle\/","name":"Dans ma bulle -","isPartOf":{"@id":"https:\/\/www.marielngeffray.com\/#website"},"datePublished":"2024-12-19T08:46:33+00:00","dateModified":"2024-12-19T09:17:10+00:00","breadcrumb":{"@id":"https:\/\/www.marielngeffray.com\/index.php\/dans-ma-bulle\/#breadcrumb"},"inLanguage":"fr-FR","potentialAction":[{"@type":"ReadAction","target":["https:\/\/www.marielngeffray.com\/index.php\/dans-ma-bulle\/"]}]},{"@type":"BreadcrumbList","@id":"https:\/\/www.marielngeffray.com\/index.php\/dans-ma-bulle\/#breadcrumb","itemListElement":[{"@type":"ListItem","position":1,"name":"Accueil","item":"https:\/\/www.marielngeffray.com\/"},{"@type":"ListItem","position":2,"name":"Dans ma bulle"}]},{"@type":"WebSite","@id":"https:\/\/www.marielngeffray.com\/#website","url":"https:\/\/www.marielngeffray.com\/","name":"Marie-LN Geffray","description":"","publisher":{"@id":"https:\/\/www.marielngeffray.com\/#organization"},"potentialAction":[{"@type":"SearchAction","target":{"@type":"EntryPoint","urlTemplate":"https:\/\/www.marielngeffray.com\/?s={search_term_string}"},"query-input":{"@type":"PropertyValueSpecification","valueRequired":true,"valueName":"search_term_string"}}],"inLanguage":"fr-FR"},{"@type":"Organization","@id":"https:\/\/www.marielngeffray.com\/#organization","name":"Marie-LN Geffray","url":"https:\/\/www.marielngeffray.com\/","logo":{"@type":"ImageObject","inLanguage":"fr-FR","@id":"https:\/\/www.marielngeffray.com\/#\/schema\/logo\/image\/","url":"https:\/\/www.marielngeffray.com\/wp-content\/uploads\/2020\/06\/logo-signature.png","contentUrl":"https:\/\/www.marielngeffray.com\/wp-content\/uploads\/2020\/06\/logo-signature.png","width":1091,"height":160,"caption":"Marie-LN Geffray"},"image":{"@id":"https:\/\/www.marielngeffray.com\/#\/schema\/logo\/image\/"},"sameAs":["https:\/\/www.facebook.com\/marielngeffray","https:\/\/www.instagram.com\/marielngeffray\/","https:\/\/www.youtube.com\/channel\/UCMTVmMDenytpISqEM-Awxcg"]}]}},"_links":{"self":[{"href":"https:\/\/www.marielngeffray.com\/index.php\/wp-json\/wp\/v2\/pages\/50790","targetHints":{"allow":["GET"]}}],"collection":[{"href":"https:\/\/www.marielngeffray.com\/index.php\/wp-json\/wp\/v2\/pages"}],"about":[{"href":"https:\/\/www.marielngeffray.com\/index.php\/wp-json\/wp\/v2\/types\/page"}],"author":[{"embeddable":true,"href":"https:\/\/www.marielngeffray.com\/index.php\/wp-json\/wp\/v2\/users\/1"}],"replies":[{"embeddable":true,"href":"https:\/\/www.marielngeffray.com\/index.php\/wp-json\/wp\/v2\/comments?post=50790"}],"version-history":[{"count":10,"href":"https:\/\/www.marielngeffray.com\/index.php\/wp-json\/wp\/v2\/pages\/50790\/revisions"}],"predecessor-version":[{"id":50803,"href":"https:\/\/www.marielngeffray.com\/index.php\/wp-json\/wp\/v2\/pages\/50790\/revisions\/50803"}],"wp:attachment":[{"href":"https:\/\/www.marielngeffray.com\/index.php\/wp-json\/wp\/v2\/media?parent=50790"}],"curies":[{"name":"wp","href":"https:\/\/api.w.org\/{rel}","templated":true}]}}